{"id":200,"date":"2010-06-17T19:23:15","date_gmt":"2010-06-17T17:23:15","guid":{"rendered":"http:\/\/wordpress.elsa18.fr\/index.php\/elsa-etait-sur-scene-le-30-avril-avec-dautres-associations-du-terroir\/"},"modified":"2010-06-17T19:23:15","modified_gmt":"2010-06-17T17:23:15","slug":"elsa-etait-sur-scene-le-30-avril-avec-dautres-associations-du-terroir","status":"publish","type":"page","link":"https:\/\/wordpress.elsa18.fr\/wordpress.elsa18.fr\/index.php\/elsa-etait-sur-scene-le-30-avril-avec-dautres-associations-du-terroir\/","title":{"rendered":"ELSA \u00e9tait sur sc\u00e8ne le 30 avril, avec d&#8217;autres associations du terroir !"},"content":{"rendered":"<p>\u00a0<\/p>\n<p><img fetchpriority=\"high\" decoding=\"async\" class=\" alignleft size-full wp-image-197\" style=\"margin-right: 15px; float: left;\" alt=\"100_1395\" src=\"http:\/\/wordpress.elsa18.fr\/wordpress.elsa18.fr\/wp-content\/uploads\/2010\/06\/2009_2010_pot_pourri_associations_100_1395.JPG\" width=\"344\" height=\"257\" srcset=\"https:\/\/wordpress.elsa18.fr\/wordpress.elsa18.fr\/wp-content\/uploads\/2010\/06\/2009_2010_pot_pourri_associations_100_1395.JPG 640w, https:\/\/wordpress.elsa18.fr\/wordpress.elsa18.fr\/wp-content\/uploads\/2010\/06\/2009_2010_pot_pourri_associations_100_1395-300x225.jpg 300w\" sizes=\"(max-width: 344px) 100vw, 344px\" \/><\/p>\n<p>Le d\u00e9fi n\u2019\u00e9tait pas \u00e9vident pour la troupe ELSA de participer au spectacle mont\u00e9 par <strong>Isabelle Cibrario<\/strong> le <strong>30 avril 2010<\/strong>, qui r\u00e9unissait plusieurs associations.<\/p>\n<p>\u00a0<\/p>\n<p>Pari tenu, pari gagn\u00e9 avec une mini-prestation sc\u00e9nique et vocale, &nbsp;le tout en costumes bien s\u00fbr&nbsp;!<\/p>\n<p>\u00a0<\/p>\n<p>&nbsp;Le m\u00e9lange de genres tous diff\u00e9rents a donn\u00e9 le ton \u00e0 ce spectacle inter-associatif dans lequel chacun apportait son savoir faire. Le public tr\u00e8s diversifi\u00e9 a salu\u00e9 le talent et la jeunesse des uns et la ma\u00eetrise de l\u2019art pour d\u2019autres\u2026<\/p>\n<p>\u00a0<\/p>\n<p>\u00a0<\/p>\n<p>\u00a0<\/p>\n<p style=\"text-align: center;\"><img decoding=\"async\" class=\" size-full wp-image-198\" style=\"margin: 5px;\" alt=\"100_1397\" src=\"http:\/\/wordpress.elsa18.fr\/wordpress.elsa18.fr\/wp-content\/uploads\/2010\/06\/2009_2010_pot_pourri_associations_100_1397.JPG\" width=\"318\" height=\"240\" srcset=\"https:\/\/wordpress.elsa18.fr\/wordpress.elsa18.fr\/wp-content\/uploads\/2010\/06\/2009_2010_pot_pourri_associations_100_1397.JPG 640w, https:\/\/wordpress.elsa18.fr\/wordpress.elsa18.fr\/wp-content\/uploads\/2010\/06\/2009_2010_pot_pourri_associations_100_1397-300x225.jpg 300w\" sizes=\"(max-width: 318px) 100vw, 318px\" \/><img decoding=\"async\" class=\" size-full wp-image-199\" style=\"margin: 5px;\" alt=\"100_1396\" src=\"http:\/\/wordpress.elsa18.fr\/wordpress.elsa18.fr\/wp-content\/uploads\/2010\/06\/2009_2010_pot_pourri_associations_100_1396.JPG\" width=\"321\" height=\"239\" \/><\/p>\n","protected":false},"excerpt":{"rendered":"<p>\u00a0 Le d\u00e9fi n\u2019\u00e9tait pas \u00e9vident pour la troupe ELSA de participer au spectacle mont\u00e9 par Isabelle Cibrario le 30 avril 2010, qui r\u00e9unissait plusieurs associations. \u00a0 Pari tenu, pari &hellip;<\/p>\n<p class=\"read-more\"> <a class=\"\" href=\"https:\/\/wordpress.elsa18.fr\/wordpress.elsa18.fr\/index.php\/elsa-etait-sur-scene-le-30-avril-avec-dautres-associations-du-terroir\/\"> <span class=\"screen-reader-text\">ELSA \u00e9tait sur sc\u00e8ne le 30 avril, avec d&#8217;autres associations du terroir !<\/span> Lire la suite\u00a0\u00bb<\/a><\/p>\n","protected":false},"author":1,"featured_media":197,"parent":0,"menu_order":33,"comment_status":"closed","ping_status":"closed","template":"","meta":{"site-sidebar-layout":"default","site-content-layout":"default","ast-global-header-display":"","ast-main-header-display":"","ast-hfb-above-header-display":"","ast-hfb-below-header-display":"","ast-hfb-mobile-header-display":"","site-post-title":"","ast-breadcrumbs-content":"","ast-featured-img":"","footer-sml-layout":"","theme-transparent-header-meta":"","adv-header-id-meta":"","stick-header-meta":"","header-above-stick-meta":"","header-main-stick-meta":"","header-below-stick-meta":"","footnotes":""},"class_list":["post-200","page","type-page","status-publish","has-post-thumbnail","hentry"],"yoast_head":"<!-- This site is optimized with the Yoast SEO plugin v27.5 - https:\/\/yoast.com\/product\/yoast-seo-wordpress\/ -->\n<title>ELSA \u00e9tait sur sc\u00e8ne le 30 avril, avec d&#039;autres associations du terroir ! - Elsa<\/title>\n<meta name=\"robots\" content=\"index, follow, max-snippet:-1, max-image-preview:large, max-video-preview:-1\" \/>\n<link rel=\"canonical\" href=\"https:\/\/wordpress.elsa18.fr\/wordpress.elsa18.fr\/index.php\/elsa-etait-sur-scene-le-30-avril-avec-dautres-associations-du-terroir\/\" \/>\n<meta property=\"og:locale\" content=\"fr_FR\" \/>\n<meta property=\"og:type\" content=\"article\" \/>\n<meta property=\"og:title\" content=\"ELSA \u00e9tait sur sc\u00e8ne le 30 avril, avec d&#039;autres associations du terroir ! - Elsa\" \/>\n<meta property=\"og:description\" content=\"\u00a0 Le d\u00e9fi n\u2019\u00e9tait pas \u00e9vident pour la troupe ELSA de participer au spectacle mont\u00e9 par Isabelle Cibrario le 30 avril 2010, qui r\u00e9unissait plusieurs associations. \u00a0 Pari tenu, pari &hellip; ELSA \u00e9tait sur sc\u00e8ne le 30 avril, avec d&#8217;autres associations du terroir ! Lire la suite\u00a0\u00bb\" \/>\n<meta property=\"og:url\" content=\"https:\/\/wordpress.elsa18.fr\/wordpress.elsa18.fr\/index.php\/elsa-etait-sur-scene-le-30-avril-avec-dautres-associations-du-terroir\/\" \/>\n<meta property=\"og:site_name\" content=\"Elsa\" \/>\n<meta property=\"article:publisher\" content=\"https:\/\/www.facebook.com\/ELSA-572253779530070\/\" \/>\n<meta property=\"og:image\" content=\"https:\/\/wordpress.elsa18.fr\/wordpress.elsa18.fr\/wp-content\/uploads\/2010\/06\/2009_2010_pot_pourri_associations_100_1395.JPG\" \/>\n\t<meta property=\"og:image:width\" content=\"640\" \/>\n\t<meta property=\"og:image:height\" content=\"480\" \/>\n\t<meta property=\"og:image:type\" content=\"image\/jpeg\" \/>\n<meta name=\"twitter:card\" content=\"summary_large_image\" \/>\n<script type=\"application\/ld+json\" class=\"yoast-schema-graph\">{\"@context\":\"https:\\\/\\\/schema.org\",\"@graph\":[{\"@type\":\"WebPage\",\"@id\":\"https:\\\/\\\/wordpress.elsa18.fr\\\/wordpress.elsa18.fr\\\/index.php\\\/elsa-etait-sur-scene-le-30-avril-avec-dautres-associations-du-terroir\\\/\",\"url\":\"https:\\\/\\\/wordpress.elsa18.fr\\\/wordpress.elsa18.fr\\\/index.php\\\/elsa-etait-sur-scene-le-30-avril-avec-dautres-associations-du-terroir\\\/\",\"name\":\"ELSA \u00e9tait sur sc\u00e8ne le 30 avril, avec d'autres associations du terroir ! - Elsa\",\"isPartOf\":{\"@id\":\"https:\\\/\\\/wordpress.elsa18.fr\\\/wordpress.elsa18.fr\\\/#website\"},\"primaryImageOfPage\":{\"@id\":\"https:\\\/\\\/wordpress.elsa18.fr\\\/wordpress.elsa18.fr\\\/index.php\\\/elsa-etait-sur-scene-le-30-avril-avec-dautres-associations-du-terroir\\\/#primaryimage\"},\"image\":{\"@id\":\"https:\\\/\\\/wordpress.elsa18.fr\\\/wordpress.elsa18.fr\\\/index.php\\\/elsa-etait-sur-scene-le-30-avril-avec-dautres-associations-du-terroir\\\/#primaryimage\"},\"thumbnailUrl\":\"https:\\\/\\\/wordpress.elsa18.fr\\\/wordpress.elsa18.fr\\\/wp-content\\\/uploads\\\/2010\\\/06\\\/2009_2010_pot_pourri_associations_100_1395.JPG\",\"datePublished\":\"2010-06-17T17:23:15+00:00\",\"breadcrumb\":{\"@id\":\"https:\\\/\\\/wordpress.elsa18.fr\\\/wordpress.elsa18.fr\\\/index.php\\\/elsa-etait-sur-scene-le-30-avril-avec-dautres-associations-du-terroir\\\/#breadcrumb\"},\"inLanguage\":\"fr-FR\",\"potentialAction\":[{\"@type\":\"ReadAction\",\"target\":[\"https:\\\/\\\/wordpress.elsa18.fr\\\/wordpress.elsa18.fr\\\/index.php\\\/elsa-etait-sur-scene-le-30-avril-avec-dautres-associations-du-terroir\\\/\"]}]},{\"@type\":\"ImageObject\",\"inLanguage\":\"fr-FR\",\"@id\":\"https:\\\/\\\/wordpress.elsa18.fr\\\/wordpress.elsa18.fr\\\/index.php\\\/elsa-etait-sur-scene-le-30-avril-avec-dautres-associations-du-terroir\\\/#primaryimage\",\"url\":\"https:\\\/\\\/wordpress.elsa18.fr\\\/wordpress.elsa18.fr\\\/wp-content\\\/uploads\\\/2010\\\/06\\\/2009_2010_pot_pourri_associations_100_1395.JPG\",\"contentUrl\":\"https:\\\/\\\/wordpress.elsa18.fr\\\/wordpress.elsa18.fr\\\/wp-content\\\/uploads\\\/2010\\\/06\\\/2009_2010_pot_pourri_associations_100_1395.JPG\",\"width\":640,\"height\":480,\"caption\":\"100_1395\"},{\"@type\":\"BreadcrumbList\",\"@id\":\"https:\\\/\\\/wordpress.elsa18.fr\\\/wordpress.elsa18.fr\\\/index.php\\\/elsa-etait-sur-scene-le-30-avril-avec-dautres-associations-du-terroir\\\/#breadcrumb\",\"itemListElement\":[{\"@type\":\"ListItem\",\"position\":1,\"name\":\"Accueil\",\"item\":\"https:\\\/\\\/wordpress.elsa18.fr\\\/wordpress.elsa18.fr\\\/\"},{\"@type\":\"ListItem\",\"position\":2,\"name\":\"ELSA \u00e9tait sur sc\u00e8ne le 30 avril, avec d&rsquo;autres associations du terroir !\"}]},{\"@type\":\"WebSite\",\"@id\":\"https:\\\/\\\/wordpress.elsa18.fr\\\/wordpress.elsa18.fr\\\/#website\",\"url\":\"https:\\\/\\\/wordpress.elsa18.fr\\\/wordpress.elsa18.fr\\\/\",\"name\":\"Elsa\",\"description\":\"Espoir Lyrique Saint Amandois\",\"publisher\":{\"@id\":\"https:\\\/\\\/wordpress.elsa18.fr\\\/wordpress.elsa18.fr\\\/#organization\"},\"potentialAction\":[{\"@type\":\"SearchAction\",\"target\":{\"@type\":\"EntryPoint\",\"urlTemplate\":\"https:\\\/\\\/wordpress.elsa18.fr\\\/wordpress.elsa18.fr\\\/?s={search_term_string}\"},\"query-input\":{\"@type\":\"PropertyValueSpecification\",\"valueRequired\":true,\"valueName\":\"search_term_string\"}}],\"inLanguage\":\"fr-FR\"},{\"@type\":\"Organization\",\"@id\":\"https:\\\/\\\/wordpress.elsa18.fr\\\/wordpress.elsa18.fr\\\/#organization\",\"name\":\"Elsa\",\"url\":\"https:\\\/\\\/wordpress.elsa18.fr\\\/wordpress.elsa18.fr\\\/\",\"logo\":{\"@type\":\"ImageObject\",\"inLanguage\":\"fr-FR\",\"@id\":\"https:\\\/\\\/wordpress.elsa18.fr\\\/wordpress.elsa18.fr\\\/#\\\/schema\\\/logo\\\/image\\\/\",\"url\":\"https:\\\/\\\/wordpress.elsa18.fr\\\/wordpress.elsa18.fr\\\/wp-content\\\/uploads\\\/2022\\\/07\\\/cropped-ELSA-LOGO_Plan-de-travail-1_Plan-de-travail-1_Plan-de-travail-1_Plan-de-travail-1.png\",\"contentUrl\":\"https:\\\/\\\/wordpress.elsa18.fr\\\/wordpress.elsa18.fr\\\/wp-content\\\/uploads\\\/2022\\\/07\\\/cropped-ELSA-LOGO_Plan-de-travail-1_Plan-de-travail-1_Plan-de-travail-1_Plan-de-travail-1.png\",\"width\":2084,\"height\":2084,\"caption\":\"Elsa\"},\"image\":{\"@id\":\"https:\\\/\\\/wordpress.elsa18.fr\\\/wordpress.elsa18.fr\\\/#\\\/schema\\\/logo\\\/image\\\/\"},\"sameAs\":[\"https:\\\/\\\/www.facebook.com\\\/ELSA-572253779530070\\\/\",\"https:\\\/\\\/www.instagram.com\\\/espoir_lyrique_saint_amandois\\\/?hl=fr\"]}]}<\/script>\n<!-- \/ Yoast SEO plugin. -->","yoast_head_json":{"title":"ELSA \u00e9tait sur sc\u00e8ne le 30 avril, avec d'autres associations du terroir ! - Elsa","robots":{"index":"index","follow":"follow","max-snippet":"max-snippet:-1","max-image-preview":"max-image-preview:large","max-video-preview":"max-video-preview:-1"},"canonical":"https:\/\/wordpress.elsa18.fr\/wordpress.elsa18.fr\/index.php\/elsa-etait-sur-scene-le-30-avril-avec-dautres-associations-du-terroir\/","og_locale":"fr_FR","og_type":"article","og_title":"ELSA \u00e9tait sur sc\u00e8ne le 30 avril, avec d'autres associations du terroir ! - Elsa","og_description":"\u00a0 Le d\u00e9fi n\u2019\u00e9tait pas \u00e9vident pour la troupe ELSA de participer au spectacle mont\u00e9 par Isabelle Cibrario le 30 avril 2010, qui r\u00e9unissait plusieurs associations. \u00a0 Pari tenu, pari &hellip; ELSA \u00e9tait sur sc\u00e8ne le 30 avril, avec d&#8217;autres associations du terroir ! Lire la suite\u00a0\u00bb","og_url":"https:\/\/wordpress.elsa18.fr\/wordpress.elsa18.fr\/index.php\/elsa-etait-sur-scene-le-30-avril-avec-dautres-associations-du-terroir\/","og_site_name":"Elsa","article_publisher":"https:\/\/www.facebook.com\/ELSA-572253779530070\/","og_image":[{"width":640,"height":480,"url":"https:\/\/wordpress.elsa18.fr\/wordpress.elsa18.fr\/wp-content\/uploads\/2010\/06\/2009_2010_pot_pourri_associations_100_1395.JPG","type":"image\/jpeg"}],"twitter_card":"summary_large_image","schema":{"@context":"https:\/\/schema.org","@graph":[{"@type":"WebPage","@id":"https:\/\/wordpress.elsa18.fr\/wordpress.elsa18.fr\/index.php\/elsa-etait-sur-scene-le-30-avril-avec-dautres-associations-du-terroir\/","url":"https:\/\/wordpress.elsa18.fr\/wordpress.elsa18.fr\/index.php\/elsa-etait-sur-scene-le-30-avril-avec-dautres-associations-du-terroir\/","name":"ELSA \u00e9tait sur sc\u00e8ne le 30 avril, avec d'autres associations du terroir ! - Elsa","isPartOf":{"@id":"https:\/\/wordpress.elsa18.fr\/wordpress.elsa18.fr\/#website"},"primaryImageOfPage":{"@id":"https:\/\/wordpress.elsa18.fr\/wordpress.elsa18.fr\/index.php\/elsa-etait-sur-scene-le-30-avril-avec-dautres-associations-du-terroir\/#primaryimage"},"image":{"@id":"https:\/\/wordpress.elsa18.fr\/wordpress.elsa18.fr\/index.php\/elsa-etait-sur-scene-le-30-avril-avec-dautres-associations-du-terroir\/#primaryimage"},"thumbnailUrl":"https:\/\/wordpress.elsa18.fr\/wordpress.elsa18.fr\/wp-content\/uploads\/2010\/06\/2009_2010_pot_pourri_associations_100_1395.JPG","datePublished":"2010-06-17T17:23:15+00:00","breadcrumb":{"@id":"https:\/\/wordpress.elsa18.fr\/wordpress.elsa18.fr\/index.php\/elsa-etait-sur-scene-le-30-avril-avec-dautres-associations-du-terroir\/#breadcrumb"},"inLanguage":"fr-FR","potentialAction":[{"@type":"ReadAction","target":["https:\/\/wordpress.elsa18.fr\/wordpress.elsa18.fr\/index.php\/elsa-etait-sur-scene-le-30-avril-avec-dautres-associations-du-terroir\/"]}]},{"@type":"ImageObject","inLanguage":"fr-FR","@id":"https:\/\/wordpress.elsa18.fr\/wordpress.elsa18.fr\/index.php\/elsa-etait-sur-scene-le-30-avril-avec-dautres-associations-du-terroir\/#primaryimage","url":"https:\/\/wordpress.elsa18.fr\/wordpress.elsa18.fr\/wp-content\/uploads\/2010\/06\/2009_2010_pot_pourri_associations_100_1395.JPG","contentUrl":"https:\/\/wordpress.elsa18.fr\/wordpress.elsa18.fr\/wp-content\/uploads\/2010\/06\/2009_2010_pot_pourri_associations_100_1395.JPG","width":640,"height":480,"caption":"100_1395"},{"@type":"BreadcrumbList","@id":"https:\/\/wordpress.elsa18.fr\/wordpress.elsa18.fr\/index.php\/elsa-etait-sur-scene-le-30-avril-avec-dautres-associations-du-terroir\/#breadcrumb","itemListElement":[{"@type":"ListItem","position":1,"name":"Accueil","item":"https:\/\/wordpress.elsa18.fr\/wordpress.elsa18.fr\/"},{"@type":"ListItem","position":2,"name":"ELSA \u00e9tait sur sc\u00e8ne le 30 avril, avec d&rsquo;autres associations du terroir !"}]},{"@type":"WebSite","@id":"https:\/\/wordpress.elsa18.fr\/wordpress.elsa18.fr\/#website","url":"https:\/\/wordpress.elsa18.fr\/wordpress.elsa18.fr\/","name":"Elsa","description":"Espoir Lyrique Saint Amandois","publisher":{"@id":"https:\/\/wordpress.elsa18.fr\/wordpress.elsa18.fr\/#organization"},"potentialAction":[{"@type":"SearchAction","target":{"@type":"EntryPoint","urlTemplate":"https:\/\/wordpress.elsa18.fr\/wordpress.elsa18.fr\/?s={search_term_string}"},"query-input":{"@type":"PropertyValueSpecification","valueRequired":true,"valueName":"search_term_string"}}],"inLanguage":"fr-FR"},{"@type":"Organization","@id":"https:\/\/wordpress.elsa18.fr\/wordpress.elsa18.fr\/#organization","name":"Elsa","url":"https:\/\/wordpress.elsa18.fr\/wordpress.elsa18.fr\/","logo":{"@type":"ImageObject","inLanguage":"fr-FR","@id":"https:\/\/wordpress.elsa18.fr\/wordpress.elsa18.fr\/#\/schema\/logo\/image\/","url":"https:\/\/wordpress.elsa18.fr\/wordpress.elsa18.fr\/wp-content\/uploads\/2022\/07\/cropped-ELSA-LOGO_Plan-de-travail-1_Plan-de-travail-1_Plan-de-travail-1_Plan-de-travail-1.png","contentUrl":"https:\/\/wordpress.elsa18.fr\/wordpress.elsa18.fr\/wp-content\/uploads\/2022\/07\/cropped-ELSA-LOGO_Plan-de-travail-1_Plan-de-travail-1_Plan-de-travail-1_Plan-de-travail-1.png","width":2084,"height":2084,"caption":"Elsa"},"image":{"@id":"https:\/\/wordpress.elsa18.fr\/wordpress.elsa18.fr\/#\/schema\/logo\/image\/"},"sameAs":["https:\/\/www.facebook.com\/ELSA-572253779530070\/","https:\/\/www.instagram.com\/espoir_lyrique_saint_amandois\/?hl=fr"]}]}},"_links":{"self":[{"href":"https:\/\/wordpress.elsa18.fr\/wordpress.elsa18.fr\/index.php\/wp-json\/wp\/v2\/pages\/200","targetHints":{"allow":["GET"]}}],"collection":[{"href":"https:\/\/wordpress.elsa18.fr\/wordpress.elsa18.fr\/index.php\/wp-json\/wp\/v2\/pages"}],"about":[{"href":"https:\/\/wordpress.elsa18.fr\/wordpress.elsa18.fr\/index.php\/wp-json\/wp\/v2\/types\/page"}],"author":[{"embeddable":true,"href":"https:\/\/wordpress.elsa18.fr\/wordpress.elsa18.fr\/index.php\/wp-json\/wp\/v2\/users\/1"}],"replies":[{"embeddable":true,"href":"https:\/\/wordpress.elsa18.fr\/wordpress.elsa18.fr\/index.php\/wp-json\/wp\/v2\/comments?post=200"}],"version-history":[{"count":0,"href":"https:\/\/wordpress.elsa18.fr\/wordpress.elsa18.fr\/index.php\/wp-json\/wp\/v2\/pages\/200\/revisions"}],"wp:featuredmedia":[{"embeddable":true,"href":"https:\/\/wordpress.elsa18.fr\/wordpress.elsa18.fr\/index.php\/wp-json\/wp\/v2\/media\/197"}],"wp:attachment":[{"href":"https:\/\/wordpress.elsa18.fr\/wordpress.elsa18.fr\/index.php\/wp-json\/wp\/v2\/media?parent=200"}],"curies":[{"name":"wp","href":"https:\/\/api.w.org\/{rel}","templated":true}]}}