{"id":32,"date":"2021-10-31T08:40:57","date_gmt":"2021-10-31T07:40:57","guid":{"rendered":"http:\/\/wordpress.elsa18.fr\/index.php\/la-haut-pour-fevrier-2022-cest-reparti-pour-les-repetitions\/"},"modified":"2021-10-31T08:40:57","modified_gmt":"2021-10-31T07:40:57","slug":"la-haut-pour-fevrier-2022-cest-reparti-pour-les-repetitions","status":"publish","type":"page","link":"https:\/\/wordpress.elsa18.fr\/wordpress.elsa18.fr\/index.php\/la-haut-pour-fevrier-2022-cest-reparti-pour-les-repetitions\/","title":{"rendered":"L\u00e0-haut pour f\u00e9vrier 2022, c&#8217;est reparti pour les r\u00e9p\u00e9titions !"},"content":{"rendered":"<p>Apr\u00e8s une ann\u00e9e sans spectacle et donc sans r\u00e9p\u00e9titions, la troupe ELSA est repartie depuis d\u00e9but octobre 2021&#8230;<\/p>\n<p>Une petite mise en bouche a eu lieu d\u00e9but septembre avec notre participation \u00e0&nbsp; la rentr\u00e9e des associations, propuls\u00e9e par la Mairie de Saint-Amand-Montrond, et nous voil\u00e0 repartis, ravis que nous \u00e9tions de retrouver une partie de notre fid\u00e8le public qui attend avec impatience notre retour sur les planches !<\/p>\n<\/p>\n<p>Les r\u00e9p\u00e9titions vont bon train depuis et nous avons le plaisir de nous retrouver enfin pour partager de bons moments musicaux et sc\u00e9niques.&nbsp;<\/p>\n<\/p>\n<p><img fetchpriority=\"high\" decoding=\"async\" class=\" alignright size-full wp-image-27\" src=\"http:\/\/wordpress.elsa18.fr\/wordpress.elsa18.fr\/wp-content\/uploads\/2021\/10\/operettes_la-haut_4ba-affiche-lahaut-2_pages-to-jpg-0001.jpg\" width=\"200\" height=\"283\" alt=\"4ba- affiche lahaut 2_pages-to-jpg-0001\" style=\"margin: 5px; float: right;\" srcset=\"https:\/\/wordpress.elsa18.fr\/wordpress.elsa18.fr\/wp-content\/uploads\/2021\/10\/operettes_la-haut_4ba-affiche-lahaut-2_pages-to-jpg-0001.jpg 1241w, https:\/\/wordpress.elsa18.fr\/wordpress.elsa18.fr\/wp-content\/uploads\/2021\/10\/operettes_la-haut_4ba-affiche-lahaut-2_pages-to-jpg-0001-212x300.jpg 212w, https:\/\/wordpress.elsa18.fr\/wordpress.elsa18.fr\/wp-content\/uploads\/2021\/10\/operettes_la-haut_4ba-affiche-lahaut-2_pages-to-jpg-0001-724x1024.jpg 724w, https:\/\/wordpress.elsa18.fr\/wordpress.elsa18.fr\/wp-content\/uploads\/2021\/10\/operettes_la-haut_4ba-affiche-lahaut-2_pages-to-jpg-0001-768x1086.jpg 768w, https:\/\/wordpress.elsa18.fr\/wordpress.elsa18.fr\/wp-content\/uploads\/2021\/10\/operettes_la-haut_4ba-affiche-lahaut-2_pages-to-jpg-0001-1086x1536.jpg 1086w\" sizes=\"(max-width: 200px) 100vw, 200px\" \/>Au programme de f\u00e9vrier 2022, comme pr\u00e9vu, une op\u00e9rette bouffe que nous qualifierons de&#8230; bouffonnerie c\u00e9leste :&nbsp;<\/p>\n<\/p>\n<p style=\"text-align: center;\"><span style=\"font-size: 12pt;\"><strong><em>&#8220;L\u00e0-haut&#8221;<\/em> de Maurice Yvain<\/strong><\/span><\/p>\n<p style=\"text-align: center;\"><strong><br \/><\/strong><\/p>\n<p>Musiques entrainantes, livret amusant et original, bref vous serez transport\u00e9s au Paradis au temps des Ann\u00e9es folles ! Tout un programme r\u00e9jouissant \u00e0 souhait.<\/p>\n<\/p>\n<p><span style=\"text-decoration: underline;\"><strong>* Retenez les dates :<\/strong><\/span><\/p>\n<p>12-13 et 20 f\u00e9vrier \u00e0 14h30 et 19 f\u00e9vrier \u00e0 20h30.<\/p>\n<\/p>\n<p><span style=\"text-decoration: underline;\"><strong>* Prix des places :<\/strong><\/span><\/p>\n<p><span style=\"text-decoration: underline;\"><strong><\/strong><\/span>&#8211; 25 euros plein tarif<\/p>\n<p>&#8211; 23 euros groupe \u00e0 partir de 15 personnes<\/p>\n<p>&#8211; 22 euros au balcon<\/p>\n<p>&#8211; 13 euros pour les \u2013 de 12 ans<\/p>\n<\/p>\n<p><span style=\"text-decoration: underline;\"><strong>* R\u00e9servations :<\/strong><\/span><\/p>\n<p>&#8211; groupes \u00e0 l\u2019office de tourisme \u00e0 partir du 23 novembre 2021<\/p>\n<p>&#8211; individuels \u00e0 l\u2019office de tourisme \u00e0 partir du 25 janvier 2022<\/p>\n<\/p>\n<p><em>Attention ! le Pass sanitaire sera exig\u00e9 \u00e0 l\u2019entr\u00e9e de la salle de spectacle selon les consignes sanitaires actuelles.<\/em><\/p>\n","protected":false},"excerpt":{"rendered":"<p>Apr\u00e8s une ann\u00e9e sans spectacle et donc sans r\u00e9p\u00e9titions, la troupe ELSA est repartie depuis d\u00e9but octobre 2021&#8230; Une petite mise en bouche a eu lieu d\u00e9but septembre avec notre &hellip;<\/p>\n<p class=\"read-more\"> <a class=\"\" href=\"https:\/\/wordpress.elsa18.fr\/wordpress.elsa18.fr\/index.php\/la-haut-pour-fevrier-2022-cest-reparti-pour-les-repetitions\/\"> <span class=\"screen-reader-text\">L\u00e0-haut pour f\u00e9vrier 2022, c&#8217;est reparti pour les r\u00e9p\u00e9titions !<\/span> Lire la suite\u00a0\u00bb<\/a><\/p>\n","protected":false},"author":1,"featured_media":27,"parent":0,"menu_order":1,"comment_status":"closed","ping_status":"closed","template":"","meta":{"site-sidebar-layout":"default","site-content-layout":"default","ast-global-header-display":"","ast-main-header-display":"","ast-hfb-above-header-display":"","ast-hfb-below-header-display":"","ast-hfb-mobile-header-display":"","site-post-title":"","ast-breadcrumbs-content":"","ast-featured-img":"","footer-sml-layout":"","theme-transparent-header-meta":"","adv-header-id-meta":"","stick-header-meta":"","header-above-stick-meta":"","header-main-stick-meta":"","header-below-stick-meta":"","footnotes":""},"class_list":["post-32","page","type-page","status-publish","has-post-thumbnail","hentry"],"yoast_head":"<!-- This site is optimized with the Yoast SEO plugin v27.5 - https:\/\/yoast.com\/product\/yoast-seo-wordpress\/ -->\n<title>L\u00e0-haut pour f\u00e9vrier 2022, c&#039;est reparti pour les r\u00e9p\u00e9titions ! - Elsa<\/title>\n<meta name=\"robots\" content=\"index, follow, max-snippet:-1, max-image-preview:large, max-video-preview:-1\" \/>\n<link rel=\"canonical\" href=\"https:\/\/wordpress.elsa18.fr\/wordpress.elsa18.fr\/index.php\/la-haut-pour-fevrier-2022-cest-reparti-pour-les-repetitions\/\" \/>\n<meta property=\"og:locale\" content=\"fr_FR\" \/>\n<meta property=\"og:type\" content=\"article\" \/>\n<meta property=\"og:title\" content=\"L\u00e0-haut pour f\u00e9vrier 2022, c&#039;est reparti pour les r\u00e9p\u00e9titions ! - Elsa\" \/>\n<meta property=\"og:description\" content=\"Apr\u00e8s une ann\u00e9e sans spectacle et donc sans r\u00e9p\u00e9titions, la troupe ELSA est repartie depuis d\u00e9but octobre 2021&#8230; Une petite mise en bouche a eu lieu d\u00e9but septembre avec notre &hellip; L\u00e0-haut pour f\u00e9vrier 2022, c&#8217;est reparti pour les r\u00e9p\u00e9titions ! Lire la suite\u00a0\u00bb\" \/>\n<meta property=\"og:url\" content=\"https:\/\/wordpress.elsa18.fr\/wordpress.elsa18.fr\/index.php\/la-haut-pour-fevrier-2022-cest-reparti-pour-les-repetitions\/\" \/>\n<meta property=\"og:site_name\" content=\"Elsa\" \/>\n<meta property=\"article:publisher\" content=\"https:\/\/www.facebook.com\/ELSA-572253779530070\/\" \/>\n<meta property=\"og:image\" content=\"https:\/\/wordpress.elsa18.fr\/wordpress.elsa18.fr\/wp-content\/uploads\/2021\/10\/operettes_la-haut_4ba-affiche-lahaut-2_pages-to-jpg-0001.jpg\" \/>\n\t<meta property=\"og:image:width\" content=\"1241\" \/>\n\t<meta property=\"og:image:height\" content=\"1755\" \/>\n\t<meta property=\"og:image:type\" content=\"image\/jpeg\" \/>\n<meta name=\"twitter:card\" content=\"summary_large_image\" \/>\n<meta name=\"twitter:label1\" content=\"Dur\u00e9e de lecture estim\u00e9e\" \/>\n\t<meta name=\"twitter:data1\" content=\"1 minute\" \/>\n<script type=\"application\/ld+json\" class=\"yoast-schema-graph\">{\"@context\":\"https:\\\/\\\/schema.org\",\"@graph\":[{\"@type\":\"WebPage\",\"@id\":\"https:\\\/\\\/wordpress.elsa18.fr\\\/wordpress.elsa18.fr\\\/index.php\\\/la-haut-pour-fevrier-2022-cest-reparti-pour-les-repetitions\\\/\",\"url\":\"https:\\\/\\\/wordpress.elsa18.fr\\\/wordpress.elsa18.fr\\\/index.php\\\/la-haut-pour-fevrier-2022-cest-reparti-pour-les-repetitions\\\/\",\"name\":\"L\u00e0-haut pour f\u00e9vrier 2022, c'est reparti pour les r\u00e9p\u00e9titions ! - Elsa\",\"isPartOf\":{\"@id\":\"https:\\\/\\\/wordpress.elsa18.fr\\\/wordpress.elsa18.fr\\\/#website\"},\"primaryImageOfPage\":{\"@id\":\"https:\\\/\\\/wordpress.elsa18.fr\\\/wordpress.elsa18.fr\\\/index.php\\\/la-haut-pour-fevrier-2022-cest-reparti-pour-les-repetitions\\\/#primaryimage\"},\"image\":{\"@id\":\"https:\\\/\\\/wordpress.elsa18.fr\\\/wordpress.elsa18.fr\\\/index.php\\\/la-haut-pour-fevrier-2022-cest-reparti-pour-les-repetitions\\\/#primaryimage\"},\"thumbnailUrl\":\"https:\\\/\\\/wordpress.elsa18.fr\\\/wordpress.elsa18.fr\\\/wp-content\\\/uploads\\\/2021\\\/10\\\/operettes_la-haut_4ba-affiche-lahaut-2_pages-to-jpg-0001.jpg\",\"datePublished\":\"2021-10-31T07:40:57+00:00\",\"breadcrumb\":{\"@id\":\"https:\\\/\\\/wordpress.elsa18.fr\\\/wordpress.elsa18.fr\\\/index.php\\\/la-haut-pour-fevrier-2022-cest-reparti-pour-les-repetitions\\\/#breadcrumb\"},\"inLanguage\":\"fr-FR\",\"potentialAction\":[{\"@type\":\"ReadAction\",\"target\":[\"https:\\\/\\\/wordpress.elsa18.fr\\\/wordpress.elsa18.fr\\\/index.php\\\/la-haut-pour-fevrier-2022-cest-reparti-pour-les-repetitions\\\/\"]}]},{\"@type\":\"ImageObject\",\"inLanguage\":\"fr-FR\",\"@id\":\"https:\\\/\\\/wordpress.elsa18.fr\\\/wordpress.elsa18.fr\\\/index.php\\\/la-haut-pour-fevrier-2022-cest-reparti-pour-les-repetitions\\\/#primaryimage\",\"url\":\"https:\\\/\\\/wordpress.elsa18.fr\\\/wordpress.elsa18.fr\\\/wp-content\\\/uploads\\\/2021\\\/10\\\/operettes_la-haut_4ba-affiche-lahaut-2_pages-to-jpg-0001.jpg\",\"contentUrl\":\"https:\\\/\\\/wordpress.elsa18.fr\\\/wordpress.elsa18.fr\\\/wp-content\\\/uploads\\\/2021\\\/10\\\/operettes_la-haut_4ba-affiche-lahaut-2_pages-to-jpg-0001.jpg\",\"width\":1241,\"height\":1755,\"caption\":\"4ba- affiche lahaut 2_pages-to-jpg-0001\"},{\"@type\":\"BreadcrumbList\",\"@id\":\"https:\\\/\\\/wordpress.elsa18.fr\\\/wordpress.elsa18.fr\\\/index.php\\\/la-haut-pour-fevrier-2022-cest-reparti-pour-les-repetitions\\\/#breadcrumb\",\"itemListElement\":[{\"@type\":\"ListItem\",\"position\":1,\"name\":\"Accueil\",\"item\":\"https:\\\/\\\/wordpress.elsa18.fr\\\/wordpress.elsa18.fr\\\/\"},{\"@type\":\"ListItem\",\"position\":2,\"name\":\"L\u00e0-haut pour f\u00e9vrier 2022, c&rsquo;est reparti pour les r\u00e9p\u00e9titions !\"}]},{\"@type\":\"WebSite\",\"@id\":\"https:\\\/\\\/wordpress.elsa18.fr\\\/wordpress.elsa18.fr\\\/#website\",\"url\":\"https:\\\/\\\/wordpress.elsa18.fr\\\/wordpress.elsa18.fr\\\/\",\"name\":\"Elsa\",\"description\":\"Espoir Lyrique Saint Amandois\",\"publisher\":{\"@id\":\"https:\\\/\\\/wordpress.elsa18.fr\\\/wordpress.elsa18.fr\\\/#organization\"},\"potentialAction\":[{\"@type\":\"SearchAction\",\"target\":{\"@type\":\"EntryPoint\",\"urlTemplate\":\"https:\\\/\\\/wordpress.elsa18.fr\\\/wordpress.elsa18.fr\\\/?s={search_term_string}\"},\"query-input\":{\"@type\":\"PropertyValueSpecification\",\"valueRequired\":true,\"valueName\":\"search_term_string\"}}],\"inLanguage\":\"fr-FR\"},{\"@type\":\"Organization\",\"@id\":\"https:\\\/\\\/wordpress.elsa18.fr\\\/wordpress.elsa18.fr\\\/#organization\",\"name\":\"Elsa\",\"url\":\"https:\\\/\\\/wordpress.elsa18.fr\\\/wordpress.elsa18.fr\\\/\",\"logo\":{\"@type\":\"ImageObject\",\"inLanguage\":\"fr-FR\",\"@id\":\"https:\\\/\\\/wordpress.elsa18.fr\\\/wordpress.elsa18.fr\\\/#\\\/schema\\\/logo\\\/image\\\/\",\"url\":\"https:\\\/\\\/wordpress.elsa18.fr\\\/wordpress.elsa18.fr\\\/wp-content\\\/uploads\\\/2022\\\/07\\\/cropped-ELSA-LOGO_Plan-de-travail-1_Plan-de-travail-1_Plan-de-travail-1_Plan-de-travail-1.png\",\"contentUrl\":\"https:\\\/\\\/wordpress.elsa18.fr\\\/wordpress.elsa18.fr\\\/wp-content\\\/uploads\\\/2022\\\/07\\\/cropped-ELSA-LOGO_Plan-de-travail-1_Plan-de-travail-1_Plan-de-travail-1_Plan-de-travail-1.png\",\"width\":2084,\"height\":2084,\"caption\":\"Elsa\"},\"image\":{\"@id\":\"https:\\\/\\\/wordpress.elsa18.fr\\\/wordpress.elsa18.fr\\\/#\\\/schema\\\/logo\\\/image\\\/\"},\"sameAs\":[\"https:\\\/\\\/www.facebook.com\\\/ELSA-572253779530070\\\/\",\"https:\\\/\\\/www.instagram.com\\\/espoir_lyrique_saint_amandois\\\/?hl=fr\"]}]}<\/script>\n<!-- \/ Yoast SEO plugin. -->","yoast_head_json":{"title":"L\u00e0-haut pour f\u00e9vrier 2022, c'est reparti pour les r\u00e9p\u00e9titions ! - Elsa","robots":{"index":"index","follow":"follow","max-snippet":"max-snippet:-1","max-image-preview":"max-image-preview:large","max-video-preview":"max-video-preview:-1"},"canonical":"https:\/\/wordpress.elsa18.fr\/wordpress.elsa18.fr\/index.php\/la-haut-pour-fevrier-2022-cest-reparti-pour-les-repetitions\/","og_locale":"fr_FR","og_type":"article","og_title":"L\u00e0-haut pour f\u00e9vrier 2022, c'est reparti pour les r\u00e9p\u00e9titions ! - Elsa","og_description":"Apr\u00e8s une ann\u00e9e sans spectacle et donc sans r\u00e9p\u00e9titions, la troupe ELSA est repartie depuis d\u00e9but octobre 2021&#8230; Une petite mise en bouche a eu lieu d\u00e9but septembre avec notre &hellip; L\u00e0-haut pour f\u00e9vrier 2022, c&#8217;est reparti pour les r\u00e9p\u00e9titions ! Lire la suite\u00a0\u00bb","og_url":"https:\/\/wordpress.elsa18.fr\/wordpress.elsa18.fr\/index.php\/la-haut-pour-fevrier-2022-cest-reparti-pour-les-repetitions\/","og_site_name":"Elsa","article_publisher":"https:\/\/www.facebook.com\/ELSA-572253779530070\/","og_image":[{"width":1241,"height":1755,"url":"https:\/\/wordpress.elsa18.fr\/wordpress.elsa18.fr\/wp-content\/uploads\/2021\/10\/operettes_la-haut_4ba-affiche-lahaut-2_pages-to-jpg-0001.jpg","type":"image\/jpeg"}],"twitter_card":"summary_large_image","twitter_misc":{"Dur\u00e9e de lecture estim\u00e9e":"1 minute"},"schema":{"@context":"https:\/\/schema.org","@graph":[{"@type":"WebPage","@id":"https:\/\/wordpress.elsa18.fr\/wordpress.elsa18.fr\/index.php\/la-haut-pour-fevrier-2022-cest-reparti-pour-les-repetitions\/","url":"https:\/\/wordpress.elsa18.fr\/wordpress.elsa18.fr\/index.php\/la-haut-pour-fevrier-2022-cest-reparti-pour-les-repetitions\/","name":"L\u00e0-haut pour f\u00e9vrier 2022, c'est reparti pour les r\u00e9p\u00e9titions ! - Elsa","isPartOf":{"@id":"https:\/\/wordpress.elsa18.fr\/wordpress.elsa18.fr\/#website"},"primaryImageOfPage":{"@id":"https:\/\/wordpress.elsa18.fr\/wordpress.elsa18.fr\/index.php\/la-haut-pour-fevrier-2022-cest-reparti-pour-les-repetitions\/#primaryimage"},"image":{"@id":"https:\/\/wordpress.elsa18.fr\/wordpress.elsa18.fr\/index.php\/la-haut-pour-fevrier-2022-cest-reparti-pour-les-repetitions\/#primaryimage"},"thumbnailUrl":"https:\/\/wordpress.elsa18.fr\/wordpress.elsa18.fr\/wp-content\/uploads\/2021\/10\/operettes_la-haut_4ba-affiche-lahaut-2_pages-to-jpg-0001.jpg","datePublished":"2021-10-31T07:40:57+00:00","breadcrumb":{"@id":"https:\/\/wordpress.elsa18.fr\/wordpress.elsa18.fr\/index.php\/la-haut-pour-fevrier-2022-cest-reparti-pour-les-repetitions\/#breadcrumb"},"inLanguage":"fr-FR","potentialAction":[{"@type":"ReadAction","target":["https:\/\/wordpress.elsa18.fr\/wordpress.elsa18.fr\/index.php\/la-haut-pour-fevrier-2022-cest-reparti-pour-les-repetitions\/"]}]},{"@type":"ImageObject","inLanguage":"fr-FR","@id":"https:\/\/wordpress.elsa18.fr\/wordpress.elsa18.fr\/index.php\/la-haut-pour-fevrier-2022-cest-reparti-pour-les-repetitions\/#primaryimage","url":"https:\/\/wordpress.elsa18.fr\/wordpress.elsa18.fr\/wp-content\/uploads\/2021\/10\/operettes_la-haut_4ba-affiche-lahaut-2_pages-to-jpg-0001.jpg","contentUrl":"https:\/\/wordpress.elsa18.fr\/wordpress.elsa18.fr\/wp-content\/uploads\/2021\/10\/operettes_la-haut_4ba-affiche-lahaut-2_pages-to-jpg-0001.jpg","width":1241,"height":1755,"caption":"4ba- affiche lahaut 2_pages-to-jpg-0001"},{"@type":"BreadcrumbList","@id":"https:\/\/wordpress.elsa18.fr\/wordpress.elsa18.fr\/index.php\/la-haut-pour-fevrier-2022-cest-reparti-pour-les-repetitions\/#breadcrumb","itemListElement":[{"@type":"ListItem","position":1,"name":"Accueil","item":"https:\/\/wordpress.elsa18.fr\/wordpress.elsa18.fr\/"},{"@type":"ListItem","position":2,"name":"L\u00e0-haut pour f\u00e9vrier 2022, c&rsquo;est reparti pour les r\u00e9p\u00e9titions !"}]},{"@type":"WebSite","@id":"https:\/\/wordpress.elsa18.fr\/wordpress.elsa18.fr\/#website","url":"https:\/\/wordpress.elsa18.fr\/wordpress.elsa18.fr\/","name":"Elsa","description":"Espoir Lyrique Saint Amandois","publisher":{"@id":"https:\/\/wordpress.elsa18.fr\/wordpress.elsa18.fr\/#organization"},"potentialAction":[{"@type":"SearchAction","target":{"@type":"EntryPoint","urlTemplate":"https:\/\/wordpress.elsa18.fr\/wordpress.elsa18.fr\/?s={search_term_string}"},"query-input":{"@type":"PropertyValueSpecification","valueRequired":true,"valueName":"search_term_string"}}],"inLanguage":"fr-FR"},{"@type":"Organization","@id":"https:\/\/wordpress.elsa18.fr\/wordpress.elsa18.fr\/#organization","name":"Elsa","url":"https:\/\/wordpress.elsa18.fr\/wordpress.elsa18.fr\/","logo":{"@type":"ImageObject","inLanguage":"fr-FR","@id":"https:\/\/wordpress.elsa18.fr\/wordpress.elsa18.fr\/#\/schema\/logo\/image\/","url":"https:\/\/wordpress.elsa18.fr\/wordpress.elsa18.fr\/wp-content\/uploads\/2022\/07\/cropped-ELSA-LOGO_Plan-de-travail-1_Plan-de-travail-1_Plan-de-travail-1_Plan-de-travail-1.png","contentUrl":"https:\/\/wordpress.elsa18.fr\/wordpress.elsa18.fr\/wp-content\/uploads\/2022\/07\/cropped-ELSA-LOGO_Plan-de-travail-1_Plan-de-travail-1_Plan-de-travail-1_Plan-de-travail-1.png","width":2084,"height":2084,"caption":"Elsa"},"image":{"@id":"https:\/\/wordpress.elsa18.fr\/wordpress.elsa18.fr\/#\/schema\/logo\/image\/"},"sameAs":["https:\/\/www.facebook.com\/ELSA-572253779530070\/","https:\/\/www.instagram.com\/espoir_lyrique_saint_amandois\/?hl=fr"]}]}},"_links":{"self":[{"href":"https:\/\/wordpress.elsa18.fr\/wordpress.elsa18.fr\/index.php\/wp-json\/wp\/v2\/pages\/32","targetHints":{"allow":["GET"]}}],"collection":[{"href":"https:\/\/wordpress.elsa18.fr\/wordpress.elsa18.fr\/index.php\/wp-json\/wp\/v2\/pages"}],"about":[{"href":"https:\/\/wordpress.elsa18.fr\/wordpress.elsa18.fr\/index.php\/wp-json\/wp\/v2\/types\/page"}],"author":[{"embeddable":true,"href":"https:\/\/wordpress.elsa18.fr\/wordpress.elsa18.fr\/index.php\/wp-json\/wp\/v2\/users\/1"}],"replies":[{"embeddable":true,"href":"https:\/\/wordpress.elsa18.fr\/wordpress.elsa18.fr\/index.php\/wp-json\/wp\/v2\/comments?post=32"}],"version-history":[{"count":0,"href":"https:\/\/wordpress.elsa18.fr\/wordpress.elsa18.fr\/index.php\/wp-json\/wp\/v2\/pages\/32\/revisions"}],"wp:featuredmedia":[{"embeddable":true,"href":"https:\/\/wordpress.elsa18.fr\/wordpress.elsa18.fr\/index.php\/wp-json\/wp\/v2\/media\/27"}],"wp:attachment":[{"href":"https:\/\/wordpress.elsa18.fr\/wordpress.elsa18.fr\/index.php\/wp-json\/wp\/v2\/media?parent=32"}],"curies":[{"name":"wp","href":"https:\/\/api.w.org\/{rel}","templated":true}]}}