{"id":332,"date":"2011-04-18T16:13:26","date_gmt":"2011-04-18T14:13:26","guid":{"rendered":"http:\/\/wordpress.elsa18.fr\/index.php\/repas-apres-lassemblee-generale\/"},"modified":"2011-04-18T16:13:26","modified_gmt":"2011-04-18T14:13:26","slug":"repas-apres-lassemblee-generale","status":"publish","type":"page","link":"https:\/\/wordpress.elsa18.fr\/wordpress.elsa18.fr\/index.php\/repas-apres-lassemblee-generale\/","title":{"rendered":"Repas apr\u00e8s l&#8217;assembl\u00e9e g\u00e9n\u00e9rale"},"content":{"rendered":"<p>Cette ann\u00e9e, nous avions d\u00e9cid\u00e9 de cl\u00f4turer notre assembl\u00e9e g\u00e9n\u00e9rale par un repas tous ensemble. L&#8217;occasion de se retrouver et de discuter, dans notre local am\u00e9nag\u00e9 pour l&#8217;occasion et d\u00e9cor\u00e9 par des petites mains habiles (merci \u00e0 elles !) aux couleurs de l&#8217;ann\u00e9e de <em><strong>M\u00e9diterran\u00e9e<\/strong><\/em> qui s&#8217;ach\u00e8ve&#8230;<\/p>\n<p><img decoding=\"async\" class=\" size-full wp-image-329\" style=\"display: block; margin-left: auto; margin-right: auto;\" alt=\"avril2011meg 083\" src=\"http:\/\/wordpress.elsa18.fr\/wordpress.elsa18.fr\/wp-content\/uploads\/2011\/04\/2010_2011_ag_2011_avril2011meg-083.JPG\" height=\"143\" width=\"256\" srcset=\"https:\/\/wordpress.elsa18.fr\/wordpress.elsa18.fr\/wp-content\/uploads\/2011\/04\/2010_2011_ag_2011_avril2011meg-083.JPG 640w, https:\/\/wordpress.elsa18.fr\/wordpress.elsa18.fr\/wp-content\/uploads\/2011\/04\/2010_2011_ag_2011_avril2011meg-083-300x169.jpg 300w\" sizes=\"(max-width: 256px) 100vw, 256px\" \/><\/p>\n<\/p>\n<p><img fetchpriority=\"high\" decoding=\"async\" class=\" size-full wp-image-330\" style=\"margin-right: 10px;\" alt=\"avril2011meg 085\" src=\"http:\/\/wordpress.elsa18.fr\/wordpress.elsa18.fr\/wp-content\/uploads\/2011\/04\/2010_2011_ag_2011_avril2011meg-085.JPG\" height=\"177\" width=\"315\" srcset=\"https:\/\/wordpress.elsa18.fr\/wordpress.elsa18.fr\/wp-content\/uploads\/2011\/04\/2010_2011_ag_2011_avril2011meg-085.JPG 640w, https:\/\/wordpress.elsa18.fr\/wordpress.elsa18.fr\/wp-content\/uploads\/2011\/04\/2010_2011_ag_2011_avril2011meg-085-300x169.jpg 300w\" sizes=\"(max-width: 315px) 100vw, 315px\" \/>&nbsp; <img decoding=\"async\" class=\" size-full wp-image-331\" style=\"margin-left: 10px;\" alt=\"avril2011meg 088\" src=\"http:\/\/wordpress.elsa18.fr\/wordpress.elsa18.fr\/wp-content\/uploads\/2011\/04\/2010_2011_ag_2011_avril2011meg-088.JPG\" height=\"177\" width=\"315\" srcset=\"https:\/\/wordpress.elsa18.fr\/wordpress.elsa18.fr\/wp-content\/uploads\/2011\/04\/2010_2011_ag_2011_avril2011meg-088.JPG 640w, https:\/\/wordpress.elsa18.fr\/wordpress.elsa18.fr\/wp-content\/uploads\/2011\/04\/2010_2011_ag_2011_avril2011meg-088-300x169.jpg 300w\" sizes=\"(max-width: 315px) 100vw, 315px\" \/><\/p>\n<p>Un bon moment de convivialit\u00e9 autour de tables bien garnies, et nous sommes tous repartis avec le ventre plein et le sourire aux l\u00e8vres, en attendant de se revoir pour notre voyage annuel (et plus tard aussi, pour les choses s\u00e9rieuses : la reprise des r\u00e9p\u00e9titions !).<\/p>\n","protected":false},"excerpt":{"rendered":"<p>Cette ann\u00e9e, nous avions d\u00e9cid\u00e9 de cl\u00f4turer notre assembl\u00e9e g\u00e9n\u00e9rale par un repas tous ensemble. L&#8217;occasion de se retrouver et de discuter, dans notre local am\u00e9nag\u00e9 pour l&#8217;occasion et d\u00e9cor\u00e9 &hellip;<\/p>\n<p class=\"read-more\"> <a class=\"\" href=\"https:\/\/wordpress.elsa18.fr\/wordpress.elsa18.fr\/index.php\/repas-apres-lassemblee-generale\/\"> <span class=\"screen-reader-text\">Repas apr\u00e8s l&#8217;assembl\u00e9e g\u00e9n\u00e9rale<\/span> Lire la suite\u00a0\u00bb<\/a><\/p>\n","protected":false},"author":1,"featured_media":329,"parent":0,"menu_order":41,"comment_status":"closed","ping_status":"closed","template":"","meta":{"site-sidebar-layout":"default","site-content-layout":"default","ast-global-header-display":"","ast-main-header-display":"","ast-hfb-above-header-display":"","ast-hfb-below-header-display":"","ast-hfb-mobile-header-display":"","site-post-title":"","ast-breadcrumbs-content":"","ast-featured-img":"","footer-sml-layout":"","theme-transparent-header-meta":"","adv-header-id-meta":"","stick-header-meta":"","header-above-stick-meta":"","header-main-stick-meta":"","header-below-stick-meta":"","footnotes":""},"class_list":["post-332","page","type-page","status-publish","has-post-thumbnail","hentry"],"yoast_head":"<!-- This site is optimized with the Yoast SEO plugin v27.5 - https:\/\/yoast.com\/product\/yoast-seo-wordpress\/ -->\n<title>Repas apr\u00e8s l&#039;assembl\u00e9e g\u00e9n\u00e9rale - Elsa<\/title>\n<meta name=\"robots\" content=\"index, follow, max-snippet:-1, max-image-preview:large, max-video-preview:-1\" \/>\n<link rel=\"canonical\" href=\"https:\/\/wordpress.elsa18.fr\/wordpress.elsa18.fr\/index.php\/repas-apres-lassemblee-generale\/\" \/>\n<meta property=\"og:locale\" content=\"fr_FR\" \/>\n<meta property=\"og:type\" content=\"article\" \/>\n<meta property=\"og:title\" content=\"Repas apr\u00e8s l&#039;assembl\u00e9e g\u00e9n\u00e9rale - Elsa\" \/>\n<meta property=\"og:description\" content=\"Cette ann\u00e9e, nous avions d\u00e9cid\u00e9 de cl\u00f4turer notre assembl\u00e9e g\u00e9n\u00e9rale par un repas tous ensemble. L&#8217;occasion de se retrouver et de discuter, dans notre local am\u00e9nag\u00e9 pour l&#8217;occasion et d\u00e9cor\u00e9 &hellip; Repas apr\u00e8s l&#8217;assembl\u00e9e g\u00e9n\u00e9rale Lire la suite\u00a0\u00bb\" \/>\n<meta property=\"og:url\" content=\"https:\/\/wordpress.elsa18.fr\/wordpress.elsa18.fr\/index.php\/repas-apres-lassemblee-generale\/\" \/>\n<meta property=\"og:site_name\" content=\"Elsa\" \/>\n<meta property=\"article:publisher\" content=\"https:\/\/www.facebook.com\/ELSA-572253779530070\/\" \/>\n<meta property=\"og:image\" content=\"https:\/\/wordpress.elsa18.fr\/wordpress.elsa18.fr\/wp-content\/uploads\/2011\/04\/2010_2011_ag_2011_avril2011meg-083.JPG\" \/>\n\t<meta property=\"og:image:width\" content=\"640\" \/>\n\t<meta property=\"og:image:height\" content=\"360\" \/>\n\t<meta property=\"og:image:type\" content=\"image\/jpeg\" \/>\n<meta name=\"twitter:card\" content=\"summary_large_image\" \/>\n<meta name=\"twitter:label1\" content=\"Dur\u00e9e de lecture estim\u00e9e\" \/>\n\t<meta name=\"twitter:data1\" content=\"1 minute\" \/>\n<script type=\"application\/ld+json\" class=\"yoast-schema-graph\">{\"@context\":\"https:\\\/\\\/schema.org\",\"@graph\":[{\"@type\":\"WebPage\",\"@id\":\"https:\\\/\\\/wordpress.elsa18.fr\\\/wordpress.elsa18.fr\\\/index.php\\\/repas-apres-lassemblee-generale\\\/\",\"url\":\"https:\\\/\\\/wordpress.elsa18.fr\\\/wordpress.elsa18.fr\\\/index.php\\\/repas-apres-lassemblee-generale\\\/\",\"name\":\"Repas apr\u00e8s l'assembl\u00e9e g\u00e9n\u00e9rale - Elsa\",\"isPartOf\":{\"@id\":\"https:\\\/\\\/wordpress.elsa18.fr\\\/wordpress.elsa18.fr\\\/#website\"},\"primaryImageOfPage\":{\"@id\":\"https:\\\/\\\/wordpress.elsa18.fr\\\/wordpress.elsa18.fr\\\/index.php\\\/repas-apres-lassemblee-generale\\\/#primaryimage\"},\"image\":{\"@id\":\"https:\\\/\\\/wordpress.elsa18.fr\\\/wordpress.elsa18.fr\\\/index.php\\\/repas-apres-lassemblee-generale\\\/#primaryimage\"},\"thumbnailUrl\":\"https:\\\/\\\/wordpress.elsa18.fr\\\/wordpress.elsa18.fr\\\/wp-content\\\/uploads\\\/2011\\\/04\\\/2010_2011_ag_2011_avril2011meg-083.JPG\",\"datePublished\":\"2011-04-18T14:13:26+00:00\",\"breadcrumb\":{\"@id\":\"https:\\\/\\\/wordpress.elsa18.fr\\\/wordpress.elsa18.fr\\\/index.php\\\/repas-apres-lassemblee-generale\\\/#breadcrumb\"},\"inLanguage\":\"fr-FR\",\"potentialAction\":[{\"@type\":\"ReadAction\",\"target\":[\"https:\\\/\\\/wordpress.elsa18.fr\\\/wordpress.elsa18.fr\\\/index.php\\\/repas-apres-lassemblee-generale\\\/\"]}]},{\"@type\":\"ImageObject\",\"inLanguage\":\"fr-FR\",\"@id\":\"https:\\\/\\\/wordpress.elsa18.fr\\\/wordpress.elsa18.fr\\\/index.php\\\/repas-apres-lassemblee-generale\\\/#primaryimage\",\"url\":\"https:\\\/\\\/wordpress.elsa18.fr\\\/wordpress.elsa18.fr\\\/wp-content\\\/uploads\\\/2011\\\/04\\\/2010_2011_ag_2011_avril2011meg-083.JPG\",\"contentUrl\":\"https:\\\/\\\/wordpress.elsa18.fr\\\/wordpress.elsa18.fr\\\/wp-content\\\/uploads\\\/2011\\\/04\\\/2010_2011_ag_2011_avril2011meg-083.JPG\",\"width\":640,\"height\":360,\"caption\":\"avril2011meg 083\"},{\"@type\":\"BreadcrumbList\",\"@id\":\"https:\\\/\\\/wordpress.elsa18.fr\\\/wordpress.elsa18.fr\\\/index.php\\\/repas-apres-lassemblee-generale\\\/#breadcrumb\",\"itemListElement\":[{\"@type\":\"ListItem\",\"position\":1,\"name\":\"Accueil\",\"item\":\"https:\\\/\\\/wordpress.elsa18.fr\\\/wordpress.elsa18.fr\\\/\"},{\"@type\":\"ListItem\",\"position\":2,\"name\":\"Repas apr\u00e8s l&rsquo;assembl\u00e9e g\u00e9n\u00e9rale\"}]},{\"@type\":\"WebSite\",\"@id\":\"https:\\\/\\\/wordpress.elsa18.fr\\\/wordpress.elsa18.fr\\\/#website\",\"url\":\"https:\\\/\\\/wordpress.elsa18.fr\\\/wordpress.elsa18.fr\\\/\",\"name\":\"Elsa\",\"description\":\"Espoir Lyrique Saint Amandois\",\"publisher\":{\"@id\":\"https:\\\/\\\/wordpress.elsa18.fr\\\/wordpress.elsa18.fr\\\/#organization\"},\"potentialAction\":[{\"@type\":\"SearchAction\",\"target\":{\"@type\":\"EntryPoint\",\"urlTemplate\":\"https:\\\/\\\/wordpress.elsa18.fr\\\/wordpress.elsa18.fr\\\/?s={search_term_string}\"},\"query-input\":{\"@type\":\"PropertyValueSpecification\",\"valueRequired\":true,\"valueName\":\"search_term_string\"}}],\"inLanguage\":\"fr-FR\"},{\"@type\":\"Organization\",\"@id\":\"https:\\\/\\\/wordpress.elsa18.fr\\\/wordpress.elsa18.fr\\\/#organization\",\"name\":\"Elsa\",\"url\":\"https:\\\/\\\/wordpress.elsa18.fr\\\/wordpress.elsa18.fr\\\/\",\"logo\":{\"@type\":\"ImageObject\",\"inLanguage\":\"fr-FR\",\"@id\":\"https:\\\/\\\/wordpress.elsa18.fr\\\/wordpress.elsa18.fr\\\/#\\\/schema\\\/logo\\\/image\\\/\",\"url\":\"https:\\\/\\\/wordpress.elsa18.fr\\\/wordpress.elsa18.fr\\\/wp-content\\\/uploads\\\/2022\\\/07\\\/cropped-ELSA-LOGO_Plan-de-travail-1_Plan-de-travail-1_Plan-de-travail-1_Plan-de-travail-1.png\",\"contentUrl\":\"https:\\\/\\\/wordpress.elsa18.fr\\\/wordpress.elsa18.fr\\\/wp-content\\\/uploads\\\/2022\\\/07\\\/cropped-ELSA-LOGO_Plan-de-travail-1_Plan-de-travail-1_Plan-de-travail-1_Plan-de-travail-1.png\",\"width\":2084,\"height\":2084,\"caption\":\"Elsa\"},\"image\":{\"@id\":\"https:\\\/\\\/wordpress.elsa18.fr\\\/wordpress.elsa18.fr\\\/#\\\/schema\\\/logo\\\/image\\\/\"},\"sameAs\":[\"https:\\\/\\\/www.facebook.com\\\/ELSA-572253779530070\\\/\",\"https:\\\/\\\/www.instagram.com\\\/espoir_lyrique_saint_amandois\\\/?hl=fr\"]}]}<\/script>\n<!-- \/ Yoast SEO plugin. -->","yoast_head_json":{"title":"Repas apr\u00e8s l'assembl\u00e9e g\u00e9n\u00e9rale - Elsa","robots":{"index":"index","follow":"follow","max-snippet":"max-snippet:-1","max-image-preview":"max-image-preview:large","max-video-preview":"max-video-preview:-1"},"canonical":"https:\/\/wordpress.elsa18.fr\/wordpress.elsa18.fr\/index.php\/repas-apres-lassemblee-generale\/","og_locale":"fr_FR","og_type":"article","og_title":"Repas apr\u00e8s l'assembl\u00e9e g\u00e9n\u00e9rale - Elsa","og_description":"Cette ann\u00e9e, nous avions d\u00e9cid\u00e9 de cl\u00f4turer notre assembl\u00e9e g\u00e9n\u00e9rale par un repas tous ensemble. L&#8217;occasion de se retrouver et de discuter, dans notre local am\u00e9nag\u00e9 pour l&#8217;occasion et d\u00e9cor\u00e9 &hellip; Repas apr\u00e8s l&#8217;assembl\u00e9e g\u00e9n\u00e9rale Lire la suite\u00a0\u00bb","og_url":"https:\/\/wordpress.elsa18.fr\/wordpress.elsa18.fr\/index.php\/repas-apres-lassemblee-generale\/","og_site_name":"Elsa","article_publisher":"https:\/\/www.facebook.com\/ELSA-572253779530070\/","og_image":[{"width":640,"height":360,"url":"https:\/\/wordpress.elsa18.fr\/wordpress.elsa18.fr\/wp-content\/uploads\/2011\/04\/2010_2011_ag_2011_avril2011meg-083.JPG","type":"image\/jpeg"}],"twitter_card":"summary_large_image","twitter_misc":{"Dur\u00e9e de lecture estim\u00e9e":"1 minute"},"schema":{"@context":"https:\/\/schema.org","@graph":[{"@type":"WebPage","@id":"https:\/\/wordpress.elsa18.fr\/wordpress.elsa18.fr\/index.php\/repas-apres-lassemblee-generale\/","url":"https:\/\/wordpress.elsa18.fr\/wordpress.elsa18.fr\/index.php\/repas-apres-lassemblee-generale\/","name":"Repas apr\u00e8s l'assembl\u00e9e g\u00e9n\u00e9rale - Elsa","isPartOf":{"@id":"https:\/\/wordpress.elsa18.fr\/wordpress.elsa18.fr\/#website"},"primaryImageOfPage":{"@id":"https:\/\/wordpress.elsa18.fr\/wordpress.elsa18.fr\/index.php\/repas-apres-lassemblee-generale\/#primaryimage"},"image":{"@id":"https:\/\/wordpress.elsa18.fr\/wordpress.elsa18.fr\/index.php\/repas-apres-lassemblee-generale\/#primaryimage"},"thumbnailUrl":"https:\/\/wordpress.elsa18.fr\/wordpress.elsa18.fr\/wp-content\/uploads\/2011\/04\/2010_2011_ag_2011_avril2011meg-083.JPG","datePublished":"2011-04-18T14:13:26+00:00","breadcrumb":{"@id":"https:\/\/wordpress.elsa18.fr\/wordpress.elsa18.fr\/index.php\/repas-apres-lassemblee-generale\/#breadcrumb"},"inLanguage":"fr-FR","potentialAction":[{"@type":"ReadAction","target":["https:\/\/wordpress.elsa18.fr\/wordpress.elsa18.fr\/index.php\/repas-apres-lassemblee-generale\/"]}]},{"@type":"ImageObject","inLanguage":"fr-FR","@id":"https:\/\/wordpress.elsa18.fr\/wordpress.elsa18.fr\/index.php\/repas-apres-lassemblee-generale\/#primaryimage","url":"https:\/\/wordpress.elsa18.fr\/wordpress.elsa18.fr\/wp-content\/uploads\/2011\/04\/2010_2011_ag_2011_avril2011meg-083.JPG","contentUrl":"https:\/\/wordpress.elsa18.fr\/wordpress.elsa18.fr\/wp-content\/uploads\/2011\/04\/2010_2011_ag_2011_avril2011meg-083.JPG","width":640,"height":360,"caption":"avril2011meg 083"},{"@type":"BreadcrumbList","@id":"https:\/\/wordpress.elsa18.fr\/wordpress.elsa18.fr\/index.php\/repas-apres-lassemblee-generale\/#breadcrumb","itemListElement":[{"@type":"ListItem","position":1,"name":"Accueil","item":"https:\/\/wordpress.elsa18.fr\/wordpress.elsa18.fr\/"},{"@type":"ListItem","position":2,"name":"Repas apr\u00e8s l&rsquo;assembl\u00e9e g\u00e9n\u00e9rale"}]},{"@type":"WebSite","@id":"https:\/\/wordpress.elsa18.fr\/wordpress.elsa18.fr\/#website","url":"https:\/\/wordpress.elsa18.fr\/wordpress.elsa18.fr\/","name":"Elsa","description":"Espoir Lyrique Saint Amandois","publisher":{"@id":"https:\/\/wordpress.elsa18.fr\/wordpress.elsa18.fr\/#organization"},"potentialAction":[{"@type":"SearchAction","target":{"@type":"EntryPoint","urlTemplate":"https:\/\/wordpress.elsa18.fr\/wordpress.elsa18.fr\/?s={search_term_string}"},"query-input":{"@type":"PropertyValueSpecification","valueRequired":true,"valueName":"search_term_string"}}],"inLanguage":"fr-FR"},{"@type":"Organization","@id":"https:\/\/wordpress.elsa18.fr\/wordpress.elsa18.fr\/#organization","name":"Elsa","url":"https:\/\/wordpress.elsa18.fr\/wordpress.elsa18.fr\/","logo":{"@type":"ImageObject","inLanguage":"fr-FR","@id":"https:\/\/wordpress.elsa18.fr\/wordpress.elsa18.fr\/#\/schema\/logo\/image\/","url":"https:\/\/wordpress.elsa18.fr\/wordpress.elsa18.fr\/wp-content\/uploads\/2022\/07\/cropped-ELSA-LOGO_Plan-de-travail-1_Plan-de-travail-1_Plan-de-travail-1_Plan-de-travail-1.png","contentUrl":"https:\/\/wordpress.elsa18.fr\/wordpress.elsa18.fr\/wp-content\/uploads\/2022\/07\/cropped-ELSA-LOGO_Plan-de-travail-1_Plan-de-travail-1_Plan-de-travail-1_Plan-de-travail-1.png","width":2084,"height":2084,"caption":"Elsa"},"image":{"@id":"https:\/\/wordpress.elsa18.fr\/wordpress.elsa18.fr\/#\/schema\/logo\/image\/"},"sameAs":["https:\/\/www.facebook.com\/ELSA-572253779530070\/","https:\/\/www.instagram.com\/espoir_lyrique_saint_amandois\/?hl=fr"]}]}},"_links":{"self":[{"href":"https:\/\/wordpress.elsa18.fr\/wordpress.elsa18.fr\/index.php\/wp-json\/wp\/v2\/pages\/332","targetHints":{"allow":["GET"]}}],"collection":[{"href":"https:\/\/wordpress.elsa18.fr\/wordpress.elsa18.fr\/index.php\/wp-json\/wp\/v2\/pages"}],"about":[{"href":"https:\/\/wordpress.elsa18.fr\/wordpress.elsa18.fr\/index.php\/wp-json\/wp\/v2\/types\/page"}],"author":[{"embeddable":true,"href":"https:\/\/wordpress.elsa18.fr\/wordpress.elsa18.fr\/index.php\/wp-json\/wp\/v2\/users\/1"}],"replies":[{"embeddable":true,"href":"https:\/\/wordpress.elsa18.fr\/wordpress.elsa18.fr\/index.php\/wp-json\/wp\/v2\/comments?post=332"}],"version-history":[{"count":0,"href":"https:\/\/wordpress.elsa18.fr\/wordpress.elsa18.fr\/index.php\/wp-json\/wp\/v2\/pages\/332\/revisions"}],"wp:featuredmedia":[{"embeddable":true,"href":"https:\/\/wordpress.elsa18.fr\/wordpress.elsa18.fr\/index.php\/wp-json\/wp\/v2\/media\/329"}],"wp:attachment":[{"href":"https:\/\/wordpress.elsa18.fr\/wordpress.elsa18.fr\/index.php\/wp-json\/wp\/v2\/media?parent=332"}],"curies":[{"name":"wp","href":"https:\/\/api.w.org\/{rel}","templated":true}]}}