{"id":53,"date":"2009-08-27T16:49:04","date_gmt":"2009-08-27T14:49:04","guid":{"rendered":"http:\/\/wordpress.elsa18.fr\/index.php\/description-3\/"},"modified":"2022-08-30T16:23:51","modified_gmt":"2022-08-30T14:23:51","slug":"description-3","status":"publish","type":"page","link":"https:\/\/wordpress.elsa18.fr\/wordpress.elsa18.fr\/index.php\/description-3\/","title":{"rendered":"L&#8217;histoire de L&#8217;Auberge du cheval Blanc"},"content":{"rendered":"<p style=\"text-align: center;\">\u00a0<\/p>\n<p style=\"text-align: center;\"><a href=\"http:\/\/wordpress.elsa18.fr\/wordpress.elsa18.fr\/wp-content\/uploads\/2009\/08\/operettes_laubergeduchevalblanc_groupe_lauberge.jpg\" target=\"_blank\" rel=\"noopener\"><img fetchpriority=\"high\" decoding=\"async\" class=\" size-full wp-image-49\" style=\"width: 649px; height: 275px;\" src=\"http:\/\/wordpress.elsa18.fr\/wordpress.elsa18.fr\/wp-content\/uploads\/2009\/08\/operettes_laubergeduchevalblanc_groupe_lauberge_th.jpg\" alt=\"lauberge_th\" width=\"640\" height=\"272\" srcset=\"https:\/\/wordpress.elsa18.fr\/wordpress.elsa18.fr\/wp-content\/uploads\/2009\/08\/operettes_laubergeduchevalblanc_groupe_lauberge_th.jpg 640w, https:\/\/wordpress.elsa18.fr\/wordpress.elsa18.fr\/wp-content\/uploads\/2009\/08\/operettes_laubergeduchevalblanc_groupe_lauberge_th-300x128.jpg 300w\" sizes=\"(max-width: 640px) 100vw, 640px\" \/><\/a><\/p>\n<p style=\"text-align: center;\">\u00a0<\/p>\n<p style=\"text-align: center;\"><strong><span style=\"font-size: 16pt;\">L\u2019auberge du cheval blanc<\/span><\/strong><\/p>\n<p class=\"MsoNormal\">\u00a0<\/p>\n<p><img decoding=\"async\" class=\" alignright size-full wp-image-51\" style=\"margin-left: 10px; float: right;\" alt=\"2005Aubergepro\" src=\"http:\/\/wordpress.elsa18.fr\/wordpress.elsa18.fr\/wp-content\/uploads\/2009\/08\/operettes_laubergeduchevalblanc_2005Aubergepro.jpg\" width=\"221\" height=\"309\" srcset=\"https:\/\/wordpress.elsa18.fr\/wordpress.elsa18.fr\/wp-content\/uploads\/2009\/08\/operettes_laubergeduchevalblanc_2005Aubergepro.jpg 457w, https:\/\/wordpress.elsa18.fr\/wordpress.elsa18.fr\/wp-content\/uploads\/2009\/08\/operettes_laubergeduchevalblanc_2005Aubergepro-214x300.jpg 214w\" sizes=\"(max-width: 221px) 100vw, 221px\" \/>&nbsp;<\/p>\n<p>\u00a0<\/p>\n<p>L\u00e9opold, maitre d\u2019h\u00f4tel \u00e0 l\u2019auberge du cheval blanc, aime sa patronne Jos\u00e9pha, qui lui pr\u00e9f\u00e8re l\u2019avocat parisien Guy Flores. Cependant Flores s\u2019\u00e9prend de Sylvabelle Bistagne, une marseillaise, fille d\u2019un fabricant de tricots. L\u2019arriv\u00e9e inopin\u00e9e de l\u2019empereur met en \u00e9moi tout ce monde, mais bien entendu, la belle et sage Jos\u00e9pha \u00e9pousera L\u00e9opold finalement, qui deviendra ainsi patron de la c\u00e9l\u00e8bre auberge.<\/p>\n<p>\u00a0<\/p>\n<p style=\"text-align: center;\"><strong>~~~<\/strong><\/p>\n<p style=\"text-align: center;\"><strong><br \/><\/strong><\/p>\n<p style=\"text-align: center;\"><span style=\"text-decoration: underline;\"><strong>L\u2019Auberge du Cheval Blanc<\/strong><\/span><\/p>\n<p>\u00a0<\/p>\n<p>Op\u00e9rette en 3 actes et 34 tableaux, livret de Erik Charell, Hans M\u00fcller et Robert Gilbert.<\/p>\n<p>Musique de Ralph Benatzky. Airs additionnels de Robert Stolz, Robert Gilbert, Anton Prof\u00e8s, Bruno Granichstaedten et Hans Frankowsky.<\/p>\n<p>Cr\u00e9ation \u00e0 Berlin, le 8 novembre 1930.  Adaptation fran\u00e7aise de Lucien Besnard, lyrics de Ren\u00e9 Dorin. Le nom des compositeurs Bruno Granichstaedten et Hans Frankowsky n\u2019apparaissent pas dans la premi\u00e8re version fran\u00e7aise. Cr\u00e9ation \u00e0 Paris, th\u00e9\u00e2tre Mogador, le 1er octobre 1932 dans une mise en sc\u00e8ne d\u2019Erik Charell.<\/p>\n<p>\u00a0<\/p>\n<p>\u00a0<\/p>\n<p style=\"text-align: center;\"><img decoding=\"async\" class=\" size-full wp-image-52\" alt=\"lauberge2\" src=\"http:\/\/wordpress.elsa18.fr\/wordpress.elsa18.fr\/wp-content\/uploads\/2009\/08\/operettes_laubergeduchevalblanc_lauberge2.jpg\" width=\"640\" height=\"465\" srcset=\"https:\/\/wordpress.elsa18.fr\/wordpress.elsa18.fr\/wp-content\/uploads\/2009\/08\/operettes_laubergeduchevalblanc_lauberge2.jpg 640w, https:\/\/wordpress.elsa18.fr\/wordpress.elsa18.fr\/wp-content\/uploads\/2009\/08\/operettes_laubergeduchevalblanc_lauberge2-300x218.jpg 300w\" sizes=\"(max-width: 640px) 100vw, 640px\" \/><\/p>\n","protected":false},"excerpt":{"rendered":"<p>\u00a0 \u00a0 L\u2019auberge du cheval blanc \u00a0 &nbsp; \u00a0 L\u00e9opold, maitre d\u2019h\u00f4tel \u00e0 l\u2019auberge du cheval blanc, aime sa patronne Jos\u00e9pha, qui lui pr\u00e9f\u00e8re l\u2019avocat parisien Guy Flores. Cependant Flores &hellip;<\/p>\n<p class=\"read-more\"> <a class=\"\" href=\"https:\/\/wordpress.elsa18.fr\/wordpress.elsa18.fr\/index.php\/description-3\/\"> <span class=\"screen-reader-text\">L&#8217;histoire de L&#8217;Auberge du cheval Blanc<\/span> Lire la suite\u00a0\u00bb<\/a><\/p>\n","protected":false},"author":1,"featured_media":49,"parent":0,"menu_order":2,"comment_status":"closed","ping_status":"closed","template":"","meta":{"site-sidebar-layout":"default","site-content-layout":"default","ast-global-header-display":"","ast-main-header-display":"","ast-hfb-above-header-display":"","ast-hfb-below-header-display":"","ast-hfb-mobile-header-display":"","site-post-title":"","ast-breadcrumbs-content":"","ast-featured-img":"","footer-sml-layout":"","theme-transparent-header-meta":"","adv-header-id-meta":"","stick-header-meta":"","header-above-stick-meta":"","header-main-stick-meta":"","header-below-stick-meta":"","footnotes":""},"class_list":["post-53","page","type-page","status-publish","has-post-thumbnail","hentry"],"yoast_head":"<!-- This site is optimized with the Yoast SEO plugin v27.5 - https:\/\/yoast.com\/product\/yoast-seo-wordpress\/ -->\n<title>L&#039;histoire de L&#039;Auberge du cheval Blanc - Elsa<\/title>\n<meta name=\"robots\" content=\"index, follow, max-snippet:-1, max-image-preview:large, max-video-preview:-1\" \/>\n<link rel=\"canonical\" href=\"https:\/\/wordpress.elsa18.fr\/wordpress.elsa18.fr\/index.php\/description-3\/\" \/>\n<meta property=\"og:locale\" content=\"fr_FR\" \/>\n<meta property=\"og:type\" content=\"article\" \/>\n<meta property=\"og:title\" content=\"L&#039;histoire de L&#039;Auberge du cheval Blanc - Elsa\" \/>\n<meta property=\"og:description\" content=\"\u00a0 \u00a0 L\u2019auberge du cheval blanc \u00a0 &nbsp; \u00a0 L\u00e9opold, maitre d\u2019h\u00f4tel \u00e0 l\u2019auberge du cheval blanc, aime sa patronne Jos\u00e9pha, qui lui pr\u00e9f\u00e8re l\u2019avocat parisien Guy Flores. Cependant Flores &hellip; L&#8217;histoire de L&#8217;Auberge du cheval Blanc Lire la suite\u00a0\u00bb\" \/>\n<meta property=\"og:url\" content=\"https:\/\/wordpress.elsa18.fr\/wordpress.elsa18.fr\/index.php\/description-3\/\" \/>\n<meta property=\"og:site_name\" content=\"Elsa\" \/>\n<meta property=\"article:publisher\" content=\"https:\/\/www.facebook.com\/ELSA-572253779530070\/\" \/>\n<meta property=\"article:modified_time\" content=\"2022-08-30T14:23:51+00:00\" \/>\n<meta property=\"og:image\" content=\"https:\/\/wordpress.elsa18.fr\/wordpress.elsa18.fr\/wp-content\/uploads\/2009\/08\/operettes_laubergeduchevalblanc_groupe_lauberge_th.jpg\" \/>\n\t<meta property=\"og:image:width\" content=\"640\" \/>\n\t<meta property=\"og:image:height\" content=\"272\" \/>\n\t<meta property=\"og:image:type\" content=\"image\/jpeg\" \/>\n<meta name=\"twitter:card\" content=\"summary_large_image\" \/>\n<meta name=\"twitter:label1\" content=\"Dur\u00e9e de lecture estim\u00e9e\" \/>\n\t<meta name=\"twitter:data1\" content=\"1 minute\" \/>\n<script type=\"application\/ld+json\" class=\"yoast-schema-graph\">{\"@context\":\"https:\\\/\\\/schema.org\",\"@graph\":[{\"@type\":\"WebPage\",\"@id\":\"https:\\\/\\\/wordpress.elsa18.fr\\\/wordpress.elsa18.fr\\\/index.php\\\/description-3\\\/\",\"url\":\"https:\\\/\\\/wordpress.elsa18.fr\\\/wordpress.elsa18.fr\\\/index.php\\\/description-3\\\/\",\"name\":\"L'histoire de L'Auberge du cheval Blanc - Elsa\",\"isPartOf\":{\"@id\":\"https:\\\/\\\/wordpress.elsa18.fr\\\/wordpress.elsa18.fr\\\/#website\"},\"primaryImageOfPage\":{\"@id\":\"https:\\\/\\\/wordpress.elsa18.fr\\\/wordpress.elsa18.fr\\\/index.php\\\/description-3\\\/#primaryimage\"},\"image\":{\"@id\":\"https:\\\/\\\/wordpress.elsa18.fr\\\/wordpress.elsa18.fr\\\/index.php\\\/description-3\\\/#primaryimage\"},\"thumbnailUrl\":\"https:\\\/\\\/wordpress.elsa18.fr\\\/wordpress.elsa18.fr\\\/wp-content\\\/uploads\\\/2009\\\/08\\\/operettes_laubergeduchevalblanc_groupe_lauberge_th.jpg\",\"datePublished\":\"2009-08-27T14:49:04+00:00\",\"dateModified\":\"2022-08-30T14:23:51+00:00\",\"breadcrumb\":{\"@id\":\"https:\\\/\\\/wordpress.elsa18.fr\\\/wordpress.elsa18.fr\\\/index.php\\\/description-3\\\/#breadcrumb\"},\"inLanguage\":\"fr-FR\",\"potentialAction\":[{\"@type\":\"ReadAction\",\"target\":[\"https:\\\/\\\/wordpress.elsa18.fr\\\/wordpress.elsa18.fr\\\/index.php\\\/description-3\\\/\"]}]},{\"@type\":\"ImageObject\",\"inLanguage\":\"fr-FR\",\"@id\":\"https:\\\/\\\/wordpress.elsa18.fr\\\/wordpress.elsa18.fr\\\/index.php\\\/description-3\\\/#primaryimage\",\"url\":\"https:\\\/\\\/wordpress.elsa18.fr\\\/wordpress.elsa18.fr\\\/wp-content\\\/uploads\\\/2009\\\/08\\\/operettes_laubergeduchevalblanc_groupe_lauberge_th.jpg\",\"contentUrl\":\"https:\\\/\\\/wordpress.elsa18.fr\\\/wordpress.elsa18.fr\\\/wp-content\\\/uploads\\\/2009\\\/08\\\/operettes_laubergeduchevalblanc_groupe_lauberge_th.jpg\",\"width\":640,\"height\":272,\"caption\":\"lauberge_th\"},{\"@type\":\"BreadcrumbList\",\"@id\":\"https:\\\/\\\/wordpress.elsa18.fr\\\/wordpress.elsa18.fr\\\/index.php\\\/description-3\\\/#breadcrumb\",\"itemListElement\":[{\"@type\":\"ListItem\",\"position\":1,\"name\":\"Accueil\",\"item\":\"https:\\\/\\\/wordpress.elsa18.fr\\\/wordpress.elsa18.fr\\\/\"},{\"@type\":\"ListItem\",\"position\":2,\"name\":\"L&rsquo;histoire de L&rsquo;Auberge du cheval Blanc\"}]},{\"@type\":\"WebSite\",\"@id\":\"https:\\\/\\\/wordpress.elsa18.fr\\\/wordpress.elsa18.fr\\\/#website\",\"url\":\"https:\\\/\\\/wordpress.elsa18.fr\\\/wordpress.elsa18.fr\\\/\",\"name\":\"Elsa\",\"description\":\"Espoir Lyrique Saint Amandois\",\"publisher\":{\"@id\":\"https:\\\/\\\/wordpress.elsa18.fr\\\/wordpress.elsa18.fr\\\/#organization\"},\"potentialAction\":[{\"@type\":\"SearchAction\",\"target\":{\"@type\":\"EntryPoint\",\"urlTemplate\":\"https:\\\/\\\/wordpress.elsa18.fr\\\/wordpress.elsa18.fr\\\/?s={search_term_string}\"},\"query-input\":{\"@type\":\"PropertyValueSpecification\",\"valueRequired\":true,\"valueName\":\"search_term_string\"}}],\"inLanguage\":\"fr-FR\"},{\"@type\":\"Organization\",\"@id\":\"https:\\\/\\\/wordpress.elsa18.fr\\\/wordpress.elsa18.fr\\\/#organization\",\"name\":\"Elsa\",\"url\":\"https:\\\/\\\/wordpress.elsa18.fr\\\/wordpress.elsa18.fr\\\/\",\"logo\":{\"@type\":\"ImageObject\",\"inLanguage\":\"fr-FR\",\"@id\":\"https:\\\/\\\/wordpress.elsa18.fr\\\/wordpress.elsa18.fr\\\/#\\\/schema\\\/logo\\\/image\\\/\",\"url\":\"https:\\\/\\\/wordpress.elsa18.fr\\\/wordpress.elsa18.fr\\\/wp-content\\\/uploads\\\/2022\\\/07\\\/cropped-ELSA-LOGO_Plan-de-travail-1_Plan-de-travail-1_Plan-de-travail-1_Plan-de-travail-1.png\",\"contentUrl\":\"https:\\\/\\\/wordpress.elsa18.fr\\\/wordpress.elsa18.fr\\\/wp-content\\\/uploads\\\/2022\\\/07\\\/cropped-ELSA-LOGO_Plan-de-travail-1_Plan-de-travail-1_Plan-de-travail-1_Plan-de-travail-1.png\",\"width\":2084,\"height\":2084,\"caption\":\"Elsa\"},\"image\":{\"@id\":\"https:\\\/\\\/wordpress.elsa18.fr\\\/wordpress.elsa18.fr\\\/#\\\/schema\\\/logo\\\/image\\\/\"},\"sameAs\":[\"https:\\\/\\\/www.facebook.com\\\/ELSA-572253779530070\\\/\",\"https:\\\/\\\/www.instagram.com\\\/espoir_lyrique_saint_amandois\\\/?hl=fr\"]}]}<\/script>\n<!-- \/ Yoast SEO plugin. -->","yoast_head_json":{"title":"L'histoire de L'Auberge du cheval Blanc - Elsa","robots":{"index":"index","follow":"follow","max-snippet":"max-snippet:-1","max-image-preview":"max-image-preview:large","max-video-preview":"max-video-preview:-1"},"canonical":"https:\/\/wordpress.elsa18.fr\/wordpress.elsa18.fr\/index.php\/description-3\/","og_locale":"fr_FR","og_type":"article","og_title":"L'histoire de L'Auberge du cheval Blanc - Elsa","og_description":"\u00a0 \u00a0 L\u2019auberge du cheval blanc \u00a0 &nbsp; \u00a0 L\u00e9opold, maitre d\u2019h\u00f4tel \u00e0 l\u2019auberge du cheval blanc, aime sa patronne Jos\u00e9pha, qui lui pr\u00e9f\u00e8re l\u2019avocat parisien Guy Flores. Cependant Flores &hellip; L&#8217;histoire de L&#8217;Auberge du cheval Blanc Lire la suite\u00a0\u00bb","og_url":"https:\/\/wordpress.elsa18.fr\/wordpress.elsa18.fr\/index.php\/description-3\/","og_site_name":"Elsa","article_publisher":"https:\/\/www.facebook.com\/ELSA-572253779530070\/","article_modified_time":"2022-08-30T14:23:51+00:00","og_image":[{"width":640,"height":272,"url":"https:\/\/wordpress.elsa18.fr\/wordpress.elsa18.fr\/wp-content\/uploads\/2009\/08\/operettes_laubergeduchevalblanc_groupe_lauberge_th.jpg","type":"image\/jpeg"}],"twitter_card":"summary_large_image","twitter_misc":{"Dur\u00e9e de lecture estim\u00e9e":"1 minute"},"schema":{"@context":"https:\/\/schema.org","@graph":[{"@type":"WebPage","@id":"https:\/\/wordpress.elsa18.fr\/wordpress.elsa18.fr\/index.php\/description-3\/","url":"https:\/\/wordpress.elsa18.fr\/wordpress.elsa18.fr\/index.php\/description-3\/","name":"L'histoire de L'Auberge du cheval Blanc - Elsa","isPartOf":{"@id":"https:\/\/wordpress.elsa18.fr\/wordpress.elsa18.fr\/#website"},"primaryImageOfPage":{"@id":"https:\/\/wordpress.elsa18.fr\/wordpress.elsa18.fr\/index.php\/description-3\/#primaryimage"},"image":{"@id":"https:\/\/wordpress.elsa18.fr\/wordpress.elsa18.fr\/index.php\/description-3\/#primaryimage"},"thumbnailUrl":"https:\/\/wordpress.elsa18.fr\/wordpress.elsa18.fr\/wp-content\/uploads\/2009\/08\/operettes_laubergeduchevalblanc_groupe_lauberge_th.jpg","datePublished":"2009-08-27T14:49:04+00:00","dateModified":"2022-08-30T14:23:51+00:00","breadcrumb":{"@id":"https:\/\/wordpress.elsa18.fr\/wordpress.elsa18.fr\/index.php\/description-3\/#breadcrumb"},"inLanguage":"fr-FR","potentialAction":[{"@type":"ReadAction","target":["https:\/\/wordpress.elsa18.fr\/wordpress.elsa18.fr\/index.php\/description-3\/"]}]},{"@type":"ImageObject","inLanguage":"fr-FR","@id":"https:\/\/wordpress.elsa18.fr\/wordpress.elsa18.fr\/index.php\/description-3\/#primaryimage","url":"https:\/\/wordpress.elsa18.fr\/wordpress.elsa18.fr\/wp-content\/uploads\/2009\/08\/operettes_laubergeduchevalblanc_groupe_lauberge_th.jpg","contentUrl":"https:\/\/wordpress.elsa18.fr\/wordpress.elsa18.fr\/wp-content\/uploads\/2009\/08\/operettes_laubergeduchevalblanc_groupe_lauberge_th.jpg","width":640,"height":272,"caption":"lauberge_th"},{"@type":"BreadcrumbList","@id":"https:\/\/wordpress.elsa18.fr\/wordpress.elsa18.fr\/index.php\/description-3\/#breadcrumb","itemListElement":[{"@type":"ListItem","position":1,"name":"Accueil","item":"https:\/\/wordpress.elsa18.fr\/wordpress.elsa18.fr\/"},{"@type":"ListItem","position":2,"name":"L&rsquo;histoire de L&rsquo;Auberge du cheval Blanc"}]},{"@type":"WebSite","@id":"https:\/\/wordpress.elsa18.fr\/wordpress.elsa18.fr\/#website","url":"https:\/\/wordpress.elsa18.fr\/wordpress.elsa18.fr\/","name":"Elsa","description":"Espoir Lyrique Saint Amandois","publisher":{"@id":"https:\/\/wordpress.elsa18.fr\/wordpress.elsa18.fr\/#organization"},"potentialAction":[{"@type":"SearchAction","target":{"@type":"EntryPoint","urlTemplate":"https:\/\/wordpress.elsa18.fr\/wordpress.elsa18.fr\/?s={search_term_string}"},"query-input":{"@type":"PropertyValueSpecification","valueRequired":true,"valueName":"search_term_string"}}],"inLanguage":"fr-FR"},{"@type":"Organization","@id":"https:\/\/wordpress.elsa18.fr\/wordpress.elsa18.fr\/#organization","name":"Elsa","url":"https:\/\/wordpress.elsa18.fr\/wordpress.elsa18.fr\/","logo":{"@type":"ImageObject","inLanguage":"fr-FR","@id":"https:\/\/wordpress.elsa18.fr\/wordpress.elsa18.fr\/#\/schema\/logo\/image\/","url":"https:\/\/wordpress.elsa18.fr\/wordpress.elsa18.fr\/wp-content\/uploads\/2022\/07\/cropped-ELSA-LOGO_Plan-de-travail-1_Plan-de-travail-1_Plan-de-travail-1_Plan-de-travail-1.png","contentUrl":"https:\/\/wordpress.elsa18.fr\/wordpress.elsa18.fr\/wp-content\/uploads\/2022\/07\/cropped-ELSA-LOGO_Plan-de-travail-1_Plan-de-travail-1_Plan-de-travail-1_Plan-de-travail-1.png","width":2084,"height":2084,"caption":"Elsa"},"image":{"@id":"https:\/\/wordpress.elsa18.fr\/wordpress.elsa18.fr\/#\/schema\/logo\/image\/"},"sameAs":["https:\/\/www.facebook.com\/ELSA-572253779530070\/","https:\/\/www.instagram.com\/espoir_lyrique_saint_amandois\/?hl=fr"]}]}},"_links":{"self":[{"href":"https:\/\/wordpress.elsa18.fr\/wordpress.elsa18.fr\/index.php\/wp-json\/wp\/v2\/pages\/53","targetHints":{"allow":["GET"]}}],"collection":[{"href":"https:\/\/wordpress.elsa18.fr\/wordpress.elsa18.fr\/index.php\/wp-json\/wp\/v2\/pages"}],"about":[{"href":"https:\/\/wordpress.elsa18.fr\/wordpress.elsa18.fr\/index.php\/wp-json\/wp\/v2\/types\/page"}],"author":[{"embeddable":true,"href":"https:\/\/wordpress.elsa18.fr\/wordpress.elsa18.fr\/index.php\/wp-json\/wp\/v2\/users\/1"}],"replies":[{"embeddable":true,"href":"https:\/\/wordpress.elsa18.fr\/wordpress.elsa18.fr\/index.php\/wp-json\/wp\/v2\/comments?post=53"}],"version-history":[{"count":1,"href":"https:\/\/wordpress.elsa18.fr\/wordpress.elsa18.fr\/index.php\/wp-json\/wp\/v2\/pages\/53\/revisions"}],"predecessor-version":[{"id":894,"href":"https:\/\/wordpress.elsa18.fr\/wordpress.elsa18.fr\/index.php\/wp-json\/wp\/v2\/pages\/53\/revisions\/894"}],"wp:featuredmedia":[{"embeddable":true,"href":"https:\/\/wordpress.elsa18.fr\/wordpress.elsa18.fr\/index.php\/wp-json\/wp\/v2\/media\/49"}],"wp:attachment":[{"href":"https:\/\/wordpress.elsa18.fr\/wordpress.elsa18.fr\/index.php\/wp-json\/wp\/v2\/media?parent=53"}],"curies":[{"name":"wp","href":"https:\/\/api.w.org\/{rel}","templated":true}]}}