{"id":553,"date":"2019-10-16T15:19:08","date_gmt":"2019-10-16T13:19:08","guid":{"rendered":"http:\/\/wordpress.elsa18.fr\/index.php\/lhistoire-7\/"},"modified":"2022-08-30T16:13:23","modified_gmt":"2022-08-30T14:13:23","slug":"lhistoire-7","status":"publish","type":"page","link":"https:\/\/wordpress.elsa18.fr\/wordpress.elsa18.fr\/index.php\/lhistoire-7\/","title":{"rendered":"L&#8217;histoire de L\u00e0-Haut"},"content":{"rendered":"<h3><\/h3>\n<p style=\"text-align: center;\"><span style=\"font-size: 14pt; color: #800000;\"><b>L\u00e0-Haut !<\/b><\/span><\/p>\n<p style=\"text-align: center;\"><b><br \/><\/b><\/p>\n<p style=\"text-align: center;\">Op\u00e9rette en 3 actes et 4 tableaux de Yves Mirande et Gustave Quinson, lyrics d\u2019Albert Willemetz&nbsp;; musique : Maurice Yvain.<\/p>\n<p style=\"text-align: center;\">Cr\u00e9ation : Paris, th\u00e9\u00e2tre des Bouffes-Parisiens, le 31 mars 1923.&nbsp;<\/p>\n<\/p>\n<h3><\/h3>\n<h3><span style=\"text-decoration: underline; color: #800000;\"><strong>L\u2019histoire :<\/strong><\/span><\/h3>\n<\/p>\n<p><strong>Acte I :&nbsp;<i>Au ciel, une immensit\u00e9 bleue avec des nuages<\/i><\/strong><\/p>\n<p>Au d\u00e9but de la pi\u00e8ce, &nbsp;nous faisons connaissance avec les \u00e9lues du paradis puis Saint-Pierre accueille Evariste Chanterelle, un dandy parisien et lui pr\u00e9sente les \u00e9lues. Le nouvel arrivant ne tarde pas \u00e0 trouver bien monotone ce s\u00e9jour de f\u00e9licit\u00e9 \u00e9ternelle. D\u2019ailleurs, le vrai, le seul Paradis n\u2019est-il pas Paris&nbsp;?&nbsp;\u00c9variste sympathise avec Frisotin qui, par un curieux hasard, est l\u2019ange gardien de sa propre femme, la jolie Emma Chanterelle. Frisotin a fort \u00e0 faire pour prot\u00e9ger la vertu d\u2019Emma, serr\u00e9e de pr\u00e8s par le cousin Martel, jeune idiot qui s\u2019est promis de succ\u00e9der \u00e0 Evariste dans le c\u0153ur de la veuve.&nbsp;\u00c9variste ne tient plus en place. Il extorque de Saint-Pierre une permission de minuit pour passer quelques heures sur terre afin de remettre ses affaires en bon ordre.<\/p>\n<\/p>\n<p><strong>Acte II :&nbsp;<i>La partie gauche du jardin de la villa d\u2019Evariste \u00e0 Auteuil<\/i><\/strong><\/p>\n<p>Les deux \u00e9lus \u00ab&nbsp;atterrissent&nbsp;\u00bb dans le jardin de la villa d\u2019Evariste. Ils se font passer pour deux aviateurs en difficult\u00e9.&nbsp;Emma accueille les deux hommes, auxquels Saint-Pierre a donn\u00e9 une nouvelle et encore plus s\u00e9duisante physionomie.&nbsp;La jeune veuve \u00e9loigne le cousin Martel et Frisotin s\u2019en va faire un sort aux bonnes bouteilles d\u2019Evariste.<br \/>Les deux \u00e9poux restent seuls. \u00c9variste ne tarde pas \u00e0 faire la conqu\u00eate de sa femme&nbsp;; celle-ci le reconna\u00eet et lui fait oublier l\u2019heure de \u00ab&nbsp;remonter&nbsp;\u00bb l\u00e0-haut.<\/p>\n<\/p>\n<p><strong>Acte III :&nbsp;<i>Le ciel, m\u00eame d\u00e9cor qu\u2019au premier acte<\/i><\/strong><\/p>\n<p>Enfin, les pensionnaires rejoignent le Paradis. \u00c9variste, qui ne veut plus se s\u00e9parer d\u2019Emma, l\u2019a amen\u00e9 avec lui. Nous apprenons que la jeune femme attend un heureux \u00e9v\u00e9nement.&nbsp;Saint-Pierre est m\u00e9content, m\u00e9content du retard des \u00e9lus, m\u00e9content de la pr\u00e9sence d\u2019Emma. Quand Evariste propose qu\u2019elle fasse ses couches au Ciel, il \u00e9clate et envoie tout le monde\u2026 au diable.<br \/><strong><i>&#8211; Le jardin de la villa<br \/><\/i><\/strong>Et nous nous retrouvons, sur terre, dans le jardin de la villa d\u2019Auteuil, o\u00f9 Evariste sort de son sommeil et de son r\u00eave. Car tout cela n\u2019\u00e9tait qu\u2019un r\u00eave ! Toute consid\u00e9ration faite, Evariste se rend compte qu\u2019on n\u2019est pas si mal que \u00e7a sur Terre, surtout lorsqu\u2019on a la chance d\u2019avoir une gentille \u00e9pouse comme Emma qui&nbsp;attend un heureux \u00e9v\u00e9nement<\/p>\n<\/p>\n<h3><span style=\"text-decoration: underline;\"><strong><\/strong><\/span><\/h3>\n<p><span style=\"color: #800000;\"><strong>\u266a&nbsp;LA PARTITION&nbsp;\u266b<\/strong><\/span><\/p>\n<h3><span style=\"text-decoration: underline;\"><strong><\/strong><\/span><\/h3>\n<\/p>\n<p><i><\/i><strong><i>&#8211; Acte I<\/i>&nbsp;:<\/strong>&nbsp; Introduction&nbsp;; ch\u0153ur c\u00e9leste \u00ab&nbsp;Nous sommes les anges du Seigneur&nbsp;\u00bb&nbsp;; &nbsp;\u00bb&nbsp;Sit\u00f4t qu\u2019on entre au Paradis&nbsp;&nbsp;\u00bb (Saint-Pierre et les anges)&nbsp;; \u00ab&nbsp;L\u00e0-haut&nbsp;\u00bb (Evariste, Saint-Pierre, les anges)&nbsp;; \u00ab&nbsp;Je veux t\u2019avoir \u00e0 moi&nbsp;\u00bb (Evariste et Maud)&nbsp;; Couplets de l\u2019ange gardien (Frisotin)&nbsp;; \u00ab&nbsp;C\u2019est Paris&nbsp;\u00bb (Evariste)&nbsp;; \u00ab&nbsp;L\u2019hilarit\u00e9 c\u00e9leste&nbsp;\u00bb (Frisotin)&nbsp;; Final I<\/p>\n<p><strong><i>&#8211; Acte II<\/i>&nbsp;:<\/strong>&nbsp;ch\u0153ur des amies&nbsp;; Air d\u2019Emma \u00ab&nbsp;Etre veuve en v\u00e9rit\u00e9&nbsp;\u00bb&nbsp;; \u00ab&nbsp;Parce que&nbsp;\u00bb (Emma)&nbsp;; Duo Evariste-Frisotin&nbsp;; \u00ab&nbsp;C\u2019est la vie&nbsp;\u00bb (Frisotin)&nbsp;; \u00ab&nbsp;Si vous n\u2019aimez pas \u00e7a&nbsp;\u00bb (Evariste)&nbsp;; Duo Emma-Evariste \u00ab&nbsp;Je l\u2019aime encore&nbsp;\u00bb&nbsp;; \u00ab&nbsp;Aime-moi, Emma&nbsp;\u00bb (Frisotin)&nbsp;; \u00ab&nbsp;Il est Minuit&nbsp;\u00bb et final II.<\/p>\n<p><strong><i>&#8211; Acte III<\/i>&nbsp;:<\/strong>&nbsp;Ch\u0153ur c\u00e9leste \u00ab&nbsp;A la barbe de Saint-Pierre&nbsp;\u00bb&nbsp;; \u00ab&nbsp;J\u2019m\u2019en balance&nbsp;\u00bb (Frisotin)&nbsp;; \u00ab&nbsp;Ose Anna&nbsp;\u00bb (Evariste)&nbsp;; Final III<\/p>\n","protected":false},"excerpt":{"rendered":"<p>L\u00e0-Haut ! Op\u00e9rette en 3 actes et 4 tableaux de Yves Mirande et Gustave Quinson, lyrics d\u2019Albert Willemetz&nbsp;; musique : Maurice Yvain. Cr\u00e9ation : Paris, th\u00e9\u00e2tre des Bouffes-Parisiens, le 31 &hellip;<\/p>\n<p class=\"read-more\"> <a class=\"\" href=\"https:\/\/wordpress.elsa18.fr\/wordpress.elsa18.fr\/index.php\/lhistoire-7\/\"> <span class=\"screen-reader-text\">L&#8217;histoire de L\u00e0-Haut<\/span> Lire la suite\u00a0\u00bb<\/a><\/p>\n","protected":false},"author":1,"featured_media":0,"parent":0,"menu_order":1,"comment_status":"closed","ping_status":"closed","template":"","meta":{"site-sidebar-layout":"default","site-content-layout":"default","ast-global-header-display":"","ast-main-header-display":"","ast-hfb-above-header-display":"","ast-hfb-below-header-display":"","ast-hfb-mobile-header-display":"","site-post-title":"","ast-breadcrumbs-content":"","ast-featured-img":"","footer-sml-layout":"","theme-transparent-header-meta":"","adv-header-id-meta":"","stick-header-meta":"","header-above-stick-meta":"","header-main-stick-meta":"","header-below-stick-meta":"","footnotes":""},"class_list":["post-553","page","type-page","status-publish","hentry"],"yoast_head":"<!-- This site is optimized with the Yoast SEO plugin v27.5 - https:\/\/yoast.com\/product\/yoast-seo-wordpress\/ -->\n<title>L&#039;histoire de L\u00e0-Haut - Elsa<\/title>\n<meta name=\"robots\" content=\"index, follow, max-snippet:-1, max-image-preview:large, max-video-preview:-1\" \/>\n<link rel=\"canonical\" href=\"https:\/\/wordpress.elsa18.fr\/wordpress.elsa18.fr\/index.php\/lhistoire-7\/\" \/>\n<meta property=\"og:locale\" content=\"fr_FR\" \/>\n<meta property=\"og:type\" content=\"article\" \/>\n<meta property=\"og:title\" content=\"L&#039;histoire de L\u00e0-Haut - Elsa\" \/>\n<meta property=\"og:description\" content=\"L\u00e0-Haut ! Op\u00e9rette en 3 actes et 4 tableaux de Yves Mirande et Gustave Quinson, lyrics d\u2019Albert Willemetz&nbsp;; musique : Maurice Yvain. Cr\u00e9ation : Paris, th\u00e9\u00e2tre des Bouffes-Parisiens, le 31 &hellip; L&#8217;histoire de L\u00e0-Haut Lire la suite\u00a0\u00bb\" \/>\n<meta property=\"og:url\" content=\"https:\/\/wordpress.elsa18.fr\/wordpress.elsa18.fr\/index.php\/lhistoire-7\/\" \/>\n<meta property=\"og:site_name\" content=\"Elsa\" \/>\n<meta property=\"article:publisher\" content=\"https:\/\/www.facebook.com\/ELSA-572253779530070\/\" \/>\n<meta property=\"article:modified_time\" content=\"2022-08-30T14:13:23+00:00\" \/>\n<meta name=\"twitter:card\" content=\"summary_large_image\" \/>\n<meta name=\"twitter:label1\" content=\"Dur\u00e9e de lecture estim\u00e9e\" \/>\n\t<meta name=\"twitter:data1\" content=\"3 minutes\" \/>\n<script type=\"application\/ld+json\" class=\"yoast-schema-graph\">{\"@context\":\"https:\\\/\\\/schema.org\",\"@graph\":[{\"@type\":\"WebPage\",\"@id\":\"https:\\\/\\\/wordpress.elsa18.fr\\\/wordpress.elsa18.fr\\\/index.php\\\/lhistoire-7\\\/\",\"url\":\"https:\\\/\\\/wordpress.elsa18.fr\\\/wordpress.elsa18.fr\\\/index.php\\\/lhistoire-7\\\/\",\"name\":\"L'histoire de L\u00e0-Haut - Elsa\",\"isPartOf\":{\"@id\":\"https:\\\/\\\/wordpress.elsa18.fr\\\/wordpress.elsa18.fr\\\/#website\"},\"datePublished\":\"2019-10-16T13:19:08+00:00\",\"dateModified\":\"2022-08-30T14:13:23+00:00\",\"breadcrumb\":{\"@id\":\"https:\\\/\\\/wordpress.elsa18.fr\\\/wordpress.elsa18.fr\\\/index.php\\\/lhistoire-7\\\/#breadcrumb\"},\"inLanguage\":\"fr-FR\",\"potentialAction\":[{\"@type\":\"ReadAction\",\"target\":[\"https:\\\/\\\/wordpress.elsa18.fr\\\/wordpress.elsa18.fr\\\/index.php\\\/lhistoire-7\\\/\"]}]},{\"@type\":\"BreadcrumbList\",\"@id\":\"https:\\\/\\\/wordpress.elsa18.fr\\\/wordpress.elsa18.fr\\\/index.php\\\/lhistoire-7\\\/#breadcrumb\",\"itemListElement\":[{\"@type\":\"ListItem\",\"position\":1,\"name\":\"Accueil\",\"item\":\"https:\\\/\\\/wordpress.elsa18.fr\\\/wordpress.elsa18.fr\\\/\"},{\"@type\":\"ListItem\",\"position\":2,\"name\":\"L&rsquo;histoire de L\u00e0-Haut\"}]},{\"@type\":\"WebSite\",\"@id\":\"https:\\\/\\\/wordpress.elsa18.fr\\\/wordpress.elsa18.fr\\\/#website\",\"url\":\"https:\\\/\\\/wordpress.elsa18.fr\\\/wordpress.elsa18.fr\\\/\",\"name\":\"Elsa\",\"description\":\"Espoir Lyrique Saint Amandois\",\"publisher\":{\"@id\":\"https:\\\/\\\/wordpress.elsa18.fr\\\/wordpress.elsa18.fr\\\/#organization\"},\"potentialAction\":[{\"@type\":\"SearchAction\",\"target\":{\"@type\":\"EntryPoint\",\"urlTemplate\":\"https:\\\/\\\/wordpress.elsa18.fr\\\/wordpress.elsa18.fr\\\/?s={search_term_string}\"},\"query-input\":{\"@type\":\"PropertyValueSpecification\",\"valueRequired\":true,\"valueName\":\"search_term_string\"}}],\"inLanguage\":\"fr-FR\"},{\"@type\":\"Organization\",\"@id\":\"https:\\\/\\\/wordpress.elsa18.fr\\\/wordpress.elsa18.fr\\\/#organization\",\"name\":\"Elsa\",\"url\":\"https:\\\/\\\/wordpress.elsa18.fr\\\/wordpress.elsa18.fr\\\/\",\"logo\":{\"@type\":\"ImageObject\",\"inLanguage\":\"fr-FR\",\"@id\":\"https:\\\/\\\/wordpress.elsa18.fr\\\/wordpress.elsa18.fr\\\/#\\\/schema\\\/logo\\\/image\\\/\",\"url\":\"https:\\\/\\\/wordpress.elsa18.fr\\\/wordpress.elsa18.fr\\\/wp-content\\\/uploads\\\/2022\\\/07\\\/cropped-ELSA-LOGO_Plan-de-travail-1_Plan-de-travail-1_Plan-de-travail-1_Plan-de-travail-1.png\",\"contentUrl\":\"https:\\\/\\\/wordpress.elsa18.fr\\\/wordpress.elsa18.fr\\\/wp-content\\\/uploads\\\/2022\\\/07\\\/cropped-ELSA-LOGO_Plan-de-travail-1_Plan-de-travail-1_Plan-de-travail-1_Plan-de-travail-1.png\",\"width\":2084,\"height\":2084,\"caption\":\"Elsa\"},\"image\":{\"@id\":\"https:\\\/\\\/wordpress.elsa18.fr\\\/wordpress.elsa18.fr\\\/#\\\/schema\\\/logo\\\/image\\\/\"},\"sameAs\":[\"https:\\\/\\\/www.facebook.com\\\/ELSA-572253779530070\\\/\",\"https:\\\/\\\/www.instagram.com\\\/espoir_lyrique_saint_amandois\\\/?hl=fr\"]}]}<\/script>\n<!-- \/ Yoast SEO plugin. -->","yoast_head_json":{"title":"L'histoire de L\u00e0-Haut - Elsa","robots":{"index":"index","follow":"follow","max-snippet":"max-snippet:-1","max-image-preview":"max-image-preview:large","max-video-preview":"max-video-preview:-1"},"canonical":"https:\/\/wordpress.elsa18.fr\/wordpress.elsa18.fr\/index.php\/lhistoire-7\/","og_locale":"fr_FR","og_type":"article","og_title":"L'histoire de L\u00e0-Haut - Elsa","og_description":"L\u00e0-Haut ! Op\u00e9rette en 3 actes et 4 tableaux de Yves Mirande et Gustave Quinson, lyrics d\u2019Albert Willemetz&nbsp;; musique : Maurice Yvain. Cr\u00e9ation : Paris, th\u00e9\u00e2tre des Bouffes-Parisiens, le 31 &hellip; L&#8217;histoire de L\u00e0-Haut Lire la suite\u00a0\u00bb","og_url":"https:\/\/wordpress.elsa18.fr\/wordpress.elsa18.fr\/index.php\/lhistoire-7\/","og_site_name":"Elsa","article_publisher":"https:\/\/www.facebook.com\/ELSA-572253779530070\/","article_modified_time":"2022-08-30T14:13:23+00:00","twitter_card":"summary_large_image","twitter_misc":{"Dur\u00e9e de lecture estim\u00e9e":"3 minutes"},"schema":{"@context":"https:\/\/schema.org","@graph":[{"@type":"WebPage","@id":"https:\/\/wordpress.elsa18.fr\/wordpress.elsa18.fr\/index.php\/lhistoire-7\/","url":"https:\/\/wordpress.elsa18.fr\/wordpress.elsa18.fr\/index.php\/lhistoire-7\/","name":"L'histoire de L\u00e0-Haut - Elsa","isPartOf":{"@id":"https:\/\/wordpress.elsa18.fr\/wordpress.elsa18.fr\/#website"},"datePublished":"2019-10-16T13:19:08+00:00","dateModified":"2022-08-30T14:13:23+00:00","breadcrumb":{"@id":"https:\/\/wordpress.elsa18.fr\/wordpress.elsa18.fr\/index.php\/lhistoire-7\/#breadcrumb"},"inLanguage":"fr-FR","potentialAction":[{"@type":"ReadAction","target":["https:\/\/wordpress.elsa18.fr\/wordpress.elsa18.fr\/index.php\/lhistoire-7\/"]}]},{"@type":"BreadcrumbList","@id":"https:\/\/wordpress.elsa18.fr\/wordpress.elsa18.fr\/index.php\/lhistoire-7\/#breadcrumb","itemListElement":[{"@type":"ListItem","position":1,"name":"Accueil","item":"https:\/\/wordpress.elsa18.fr\/wordpress.elsa18.fr\/"},{"@type":"ListItem","position":2,"name":"L&rsquo;histoire de L\u00e0-Haut"}]},{"@type":"WebSite","@id":"https:\/\/wordpress.elsa18.fr\/wordpress.elsa18.fr\/#website","url":"https:\/\/wordpress.elsa18.fr\/wordpress.elsa18.fr\/","name":"Elsa","description":"Espoir Lyrique Saint Amandois","publisher":{"@id":"https:\/\/wordpress.elsa18.fr\/wordpress.elsa18.fr\/#organization"},"potentialAction":[{"@type":"SearchAction","target":{"@type":"EntryPoint","urlTemplate":"https:\/\/wordpress.elsa18.fr\/wordpress.elsa18.fr\/?s={search_term_string}"},"query-input":{"@type":"PropertyValueSpecification","valueRequired":true,"valueName":"search_term_string"}}],"inLanguage":"fr-FR"},{"@type":"Organization","@id":"https:\/\/wordpress.elsa18.fr\/wordpress.elsa18.fr\/#organization","name":"Elsa","url":"https:\/\/wordpress.elsa18.fr\/wordpress.elsa18.fr\/","logo":{"@type":"ImageObject","inLanguage":"fr-FR","@id":"https:\/\/wordpress.elsa18.fr\/wordpress.elsa18.fr\/#\/schema\/logo\/image\/","url":"https:\/\/wordpress.elsa18.fr\/wordpress.elsa18.fr\/wp-content\/uploads\/2022\/07\/cropped-ELSA-LOGO_Plan-de-travail-1_Plan-de-travail-1_Plan-de-travail-1_Plan-de-travail-1.png","contentUrl":"https:\/\/wordpress.elsa18.fr\/wordpress.elsa18.fr\/wp-content\/uploads\/2022\/07\/cropped-ELSA-LOGO_Plan-de-travail-1_Plan-de-travail-1_Plan-de-travail-1_Plan-de-travail-1.png","width":2084,"height":2084,"caption":"Elsa"},"image":{"@id":"https:\/\/wordpress.elsa18.fr\/wordpress.elsa18.fr\/#\/schema\/logo\/image\/"},"sameAs":["https:\/\/www.facebook.com\/ELSA-572253779530070\/","https:\/\/www.instagram.com\/espoir_lyrique_saint_amandois\/?hl=fr"]}]}},"_links":{"self":[{"href":"https:\/\/wordpress.elsa18.fr\/wordpress.elsa18.fr\/index.php\/wp-json\/wp\/v2\/pages\/553","targetHints":{"allow":["GET"]}}],"collection":[{"href":"https:\/\/wordpress.elsa18.fr\/wordpress.elsa18.fr\/index.php\/wp-json\/wp\/v2\/pages"}],"about":[{"href":"https:\/\/wordpress.elsa18.fr\/wordpress.elsa18.fr\/index.php\/wp-json\/wp\/v2\/types\/page"}],"author":[{"embeddable":true,"href":"https:\/\/wordpress.elsa18.fr\/wordpress.elsa18.fr\/index.php\/wp-json\/wp\/v2\/users\/1"}],"replies":[{"embeddable":true,"href":"https:\/\/wordpress.elsa18.fr\/wordpress.elsa18.fr\/index.php\/wp-json\/wp\/v2\/comments?post=553"}],"version-history":[{"count":1,"href":"https:\/\/wordpress.elsa18.fr\/wordpress.elsa18.fr\/index.php\/wp-json\/wp\/v2\/pages\/553\/revisions"}],"predecessor-version":[{"id":863,"href":"https:\/\/wordpress.elsa18.fr\/wordpress.elsa18.fr\/index.php\/wp-json\/wp\/v2\/pages\/553\/revisions\/863"}],"wp:attachment":[{"href":"https:\/\/wordpress.elsa18.fr\/wordpress.elsa18.fr\/index.php\/wp-json\/wp\/v2\/media?parent=553"}],"curies":[{"name":"wp","href":"https:\/\/api.w.org\/{rel}","templated":true}]}}